{"id":88,"date":"2023-09-08T13:34:43","date_gmt":"2023-09-08T13:34:43","guid":{"rendered":"https:\/\/www.vzdelavanivpsychoterapii.cz\/?page_id=88"},"modified":"2026-01-08T18:42:06","modified_gmt":"2026-01-08T18:42:06","slug":"psychoterapie-traumatu","status":"publish","type":"page","link":"https:\/\/www.vzdelavanivpsychoterapii.cz\/","title":{"rendered":"Psychoterapie traumatu"},"content":{"rendered":"<p>[et_pb_section fb_built=&#8220;1&#8243; admin_label=&#8220;Hero&#8220; _builder_version=&#8220;4.22.2&#8243; custom_padding=&#8220;0|0px|54px|0px|false|false&#8220; bottom_divider_height=&#8220;0px&#8220; border_width_bottom=&#8220;1px&#8220; border_color_bottom=&#8220;#efefef&#8220; global_colors_info=&#8220;{}&#8220;][et_pb_row column_structure=&#8220;1_2,1_2&#8243; _builder_version=&#8220;4.22.2&#8243; background_color=&#8220;rgba(0,0,0,0.11)&#8220; width=&#8220;100%&#8220; max_width=&#8220;100%&#8220; custom_margin=&#8220;|||&#8220; custom_margin_tablet=&#8220;||0px|&#8220; custom_margin_phone=&#8220;&#8220; custom_margin_last_edited=&#8220;on|desktop&#8220; custom_padding=&#8220;0|0px|27px|0px|false|false&#8220; use_custom_width=&#8220;on&#8220; width_unit=&#8220;off&#8220; custom_width_percent=&#8220;100%&#8220; global_colors_info=&#8220;{}&#8220;][et_pb_column type=&#8220;1_2&#8243; _builder_version=&#8220;4.22.2&#8243; custom_padding=&#8220;6%||6%|12%&#8220; custom_padding_tablet=&#8220;50px|50px|50px|50px&#8220; custom_padding_phone=&#8220;50px|50px|50px|50px&#8220; custom_padding_last_edited=&#8220;on|tablet&#8220; global_colors_info=&#8220;{}&#8220; padding_tablet=&#8220;50px|50px|50px|50px&#8220; padding_last_edited=&#8220;on|tablet&#8220; custom_padding__hover=&#8220;|||&#8220; padding_phone=&#8220;50px|50px|50px|50px&#8220;][et_pb_text _builder_version=&#8220;4.22.1&#8243; text_font=&#8220;Montserrat|300|||||||&#8220; text_text_color=&#8220;#677a92&#8243; text_font_size=&#8220;16px&#8220; text_line_height=&#8220;1.8em&#8220; header_font=&#8220;Montserrat||||||||&#8220; header_font_size=&#8220;50px&#8220; header_line_height=&#8220;1.3em&#8220; header_2_font=&#8220;||||||||&#8220; max_width=&#8220;600px&#8220; custom_margin=&#8220;|||&#8220; custom_margin_tablet=&#8220;0px|50px||50px&#8220; custom_margin_phone=&#8220;|20px||&#8220; custom_margin_last_edited=&#8220;off|desktop&#8220; custom_padding=&#8220;|||&#8220; text_line_height_tablet=&#8220;1.8em&#8220; text_line_height_phone=&#8220;1.8em&#8220; text_line_height_last_edited=&#8220;on|phone&#8220; header_font_size_tablet=&#8220;&#8220; header_font_size_phone=&#8220;36px&#8220; header_font_size_last_edited=&#8220;on|phone&#8220; header_2_font_size_phone=&#8220;30px&#8220; header_2_font_size_last_edited=&#8220;off|desktop&#8220; locked=&#8220;off&#8220; global_colors_info=&#8220;{}&#8220;]<\/p>\n<h1>Psychoterapie traumatu<\/h1>\n<p>[\/et_pb_text][et_pb_text _builder_version=&#8220;4.25.1&#8243; text_font=&#8220;|700|||||||&#8220; text_font_size=&#8220;16px&#8220; text_line_height=&#8220;2em&#8220; link_font=&#8220;||||||||&#8220; ul_font=&#8220;||||||||&#8220; ol_font=&#8220;||||||||&#8220; quote_font=&#8220;||||||||&#8220; header_font=&#8220;||||||||&#8220; header_2_font=&#8220;Montserrat|300|||||||&#8220; header_2_text_color=&#8220;#212d3b&#8220; header_2_font_size=&#8220;40px&#8220; header_2_line_height=&#8220;1.5em&#8220; max_width=&#8220;600px&#8220; custom_margin=&#8220;|||&#8220; custom_margin_tablet=&#8220;0px|50px||50px&#8220; custom_margin_last_edited=&#8220;off|desktop&#8220; custom_padding=&#8220;|||&#8220; locked=&#8220;off&#8220; global_colors_info=&#8220;{}&#8220;]<\/p>\n<h3><strong>Soubor prezen\u010dn\u00edch semin\u00e1\u0159\u016f zam\u011b\u0159en\u00fdch na psychoterapii n\u00e1sledk\u016f traumatu.<\/strong><\/h3>\n<p>[\/et_pb_text][et_pb_text _builder_version=&#8220;4.22.2&#8243; text_font=&#8220;Montserrat|300|||||||&#8220; text_font_size=&#8220;16px&#8220; text_line_height=&#8220;2em&#8220; link_font=&#8220;||||||||&#8220; ul_font=&#8220;||||||||&#8220; ol_font=&#8220;||||||||&#8220; quote_font=&#8220;||||||||&#8220; header_font=&#8220;||||||||&#8220; header_2_font=&#8220;Montserrat|300|||||||&#8220; header_2_text_color=&#8220;#212d3b&#8220; header_2_font_size=&#8220;40px&#8220; header_2_line_height=&#8220;1.5em&#8220; max_width=&#8220;600px&#8220; custom_margin=&#8220;|||&#8220; custom_margin_tablet=&#8220;0px|50px||50px&#8220; custom_margin_last_edited=&#8220;off|desktop&#8220; custom_padding=&#8220;|||&#8220; locked=&#8220;off&#8220; global_colors_info=&#8220;{}&#8220;]<\/p>\n<ul>\n<li>Vzd\u011bl\u00e1vac\u00ed program je ur\u010den psychoterapeut\u016fm s dlouhodob\u00fdm v\u00fdcvikem, p\u0159\u00edpadn\u011b frekventant\u016fm v jeho z\u00e1v\u011bre\u010dn\u00e9 f\u00e1zi.<\/li>\n<li>Je rozd\u011blen do \u010dty\u0159 souvisej\u00edc\u00edch setk\u00e1n\u00ed, v nich\u017e projdeme t\u00e9ma traumatizace komplexn\u011b od teoretick\u00fdch v\u00fdchodisek a\u017e po konkr\u00e9tn\u00ed praktick\u00e1 doporu\u010den\u00ed a postupy.<\/li>\n<li>Na principy psychoterapie traumatu nahl\u00ed\u017e\u00edme integrativn\u011b, s d\u016frazem na propojen\u00ed do neurobiologie, psychosomatiky a pr\u00e1ce s t\u011blem.<\/li>\n<li>Jedn\u00e1 se o komplexn\u00ed soubor prezen\u010dn\u00edch semin\u00e1\u0159\u016f, kter\u00fd je t\u0159eba absolvovat v po\u0159ad\u00ed tak, jak je n\u00ed\u017ee pops\u00e1n.<\/li>\n<\/ul>\n<p>[\/et_pb_text][\/et_pb_column][et_pb_column type=&#8220;1_2&#8243; _builder_version=&#8220;4.16&#8243; custom_padding=&#8220;|||&#8220; global_colors_info=&#8220;{}&#8220; custom_padding__hover=&#8220;|||&#8220;][et_pb_image src=&#8220;https:\/\/www.vzdelavanivpsychoterapii.cz\/wp-content\/uploads\/2023\/09\/priscilla-du-preez-F9DFuJoS9EU-unsplash-scaled.jpg&#8220; title_text=&#8220;priscilla-du-preez-F9DFuJoS9EU-unsplash&#8220; force_fullwidth=&#8220;on&#8220; align_tablet=&#8220;center&#8220; align_phone=&#8220;center&#8220; align_last_edited=&#8220;on|desktop&#8220; _builder_version=&#8220;4.22.2&#8243; custom_margin=&#8220;|||&#8220; custom_padding=&#8220;|||&#8220; animation_style=&#8220;slide&#8220; animation_direction=&#8220;right&#8220; animation_intensity_slide=&#8220;5%&#8220; border_radii=&#8220;||||30vw&#8220; border_color_all=&#8220;#0ee1f4&#8243; border_width_left=&#8220;2vw&#8220; border_color_left=&#8220;#37dfff&#8220; box_shadow_style=&#8220;preset4&#8243; box_shadow_horizontal=&#8220;-30px&#8220; box_shadow_vertical=&#8220;0px&#8220; box_shadow_color=&#8220;rgba(14,225,244,0.33)&#8220; global_colors_info=&#8220;{}&#8220;][\/et_pb_image][\/et_pb_column][\/et_pb_row][et_pb_row _builder_version=&#8220;4.22.2&#8243; _module_preset=&#8220;default&#8220; module_alignment=&#8220;center&#8220; global_colors_info=&#8220;{}&#8220;][et_pb_column type=&#8220;4_4&#8243; _builder_version=&#8220;4.22.2&#8243; _module_preset=&#8220;default&#8220; global_colors_info=&#8220;{}&#8220;][et_pb_heading title=&#8220;T\u00e9matick\u00e9 rozlo\u017een\u00ed prezen\u010dn\u00edch semin\u00e1\u0159\u016f&#8220; _builder_version=&#8220;4.22.2&#8243; _module_preset=&#8220;default&#8220; title_text_align=&#8220;center&#8220; module_alignment=&#8220;center&#8220; global_colors_info=&#8220;{}&#8220;][\/et_pb_heading][\/et_pb_column][\/et_pb_row][et_pb_row column_structure=&#8220;1_4,1_4,1_4,1_4&#8243; admin_label=&#8220;Content Area&#8220; _builder_version=&#8220;4.16&#8243; max_width=&#8220;1280px&#8220; custom_padding=&#8220;|||&#8220; use_custom_width=&#8220;on&#8220; custom_width_px=&#8220;1280px&#8220; global_colors_info=&#8220;{}&#8220;][et_pb_column type=&#8220;1_4&#8243; _builder_version=&#8220;4.16&#8243; custom_padding=&#8220;|||&#8220; global_colors_info=&#8220;{}&#8220; custom_padding__hover=&#8220;|||&#8220;][et_pb_icon font_icon=&#8220;&#xf6d1;||fa||900&#8243; _builder_version=&#8220;4.22.1&#8243; _module_preset=&#8220;default&#8220; global_colors_info=&#8220;{}&#8220;][\/et_pb_icon][et_pb_cta title=&#8220;I. \u00davod do psychoterapie traumatu&#8220; button_url=&#8220;#&#8220; _builder_version=&#8220;4.22.2&#8243; header_level=&#8220;h3&#8243; header_font=&#8220;||||||||&#8220; header_text_color=&#8220;#48d14c&#8220; header_line_height=&#8220;1.5em&#8220; body_font=&#8220;Montserrat|300|||||||&#8220; body_text_align=&#8220;left&#8220; body_font_size=&#8220;15px&#8220; body_line_height=&#8220;2em&#8220; use_background_color=&#8220;off&#8220; custom_button=&#8220;on&#8220; button_text_size=&#8220;14px&#8220; button_text_color=&#8220;#2f8cff&#8220; button_bg_color=&#8220;rgba(0,0,0,0.05)&#8220; button_border_width=&#8220;0px&#8220; button_border_radius=&#8220;100px&#8220; button_letter_spacing=&#8220;1px&#8220; button_font=&#8220;Montserrat||||||||&#8220; button_use_icon=&#8220;off&#8220; background_layout=&#8220;light&#8220; custom_padding=&#8220;|||&#8220; animation_direction=&#8220;top&#8220; border_radii=&#8220;||||&#8220; button_text_color_hover=&#8220;#ffffff&#8220; button_bg_color_hover=&#8220;#48d14c&#8220; locked=&#8220;off&#8220; global_colors_info=&#8220;{}&#8220; button_text_size__hover_enabled=&#8220;off&#8220; button_one_text_size__hover_enabled=&#8220;off&#8220; button_two_text_size__hover_enabled=&#8220;off&#8220; button_text_color__hover_enabled=&#8220;on&#8220; button_text_color__hover=&#8220;#ffffff&#8220; button_one_text_color__hover_enabled=&#8220;off&#8220; button_two_text_color__hover_enabled=&#8220;off&#8220; button_border_width__hover_enabled=&#8220;off&#8220; button_one_border_width__hover_enabled=&#8220;off&#8220; button_two_border_width__hover_enabled=&#8220;off&#8220; button_border_color__hover_enabled=&#8220;off&#8220; button_one_border_color__hover_enabled=&#8220;off&#8220; button_two_border_color__hover_enabled=&#8220;off&#8220; button_border_radius__hover_enabled=&#8220;off&#8220; button_one_border_radius__hover_enabled=&#8220;off&#8220; button_two_border_radius__hover_enabled=&#8220;off&#8220; button_letter_spacing__hover_enabled=&#8220;off&#8220; button_one_letter_spacing__hover_enabled=&#8220;off&#8220; button_two_letter_spacing__hover_enabled=&#8220;off&#8220; button_bg_color__hover_enabled=&#8220;on&#8220; button_bg_color__hover=&#8220;#48d14c&#8220; button_one_bg_color__hover_enabled=&#8220;off&#8220; button_two_bg_color__hover_enabled=&#8220;off&#8220;]<\/p>\n<ul>\n<li><span style=\"color: #000000;\">Vymezen\u00ed z\u00e1kladn\u00edch pojm\u016f a teoretick\u00e9ho r\u00e1mce.<\/span><\/li>\n<li><span style=\"color: #000000;\">Sezn\u00e1men\u00ed s mechanismem vzniku situa\u010dn\u00ed i v\u00fdvojov\u00e9 traumatizace.<\/span><\/li>\n<li><span style=\"color: #000000;\">P\u0159ibl\u00ed\u017een\u00ed mo\u017en\u00fdch p\u0159\u00edstup\u016f k problematice pr\u00e1ce s traumatem v psychoterapii.<\/span><\/li>\n<\/ul>\n<p><span style=\"color: #000000;\">2 dny, celkem 16 hodin<\/span><\/p>\n<p>[\/et_pb_cta][\/et_pb_column][et_pb_column type=&#8220;1_4&#8243; _builder_version=&#8220;4.16&#8243; custom_padding=&#8220;|||&#8220; global_colors_info=&#8220;{}&#8220; custom_padding__hover=&#8220;|||&#8220;][et_pb_icon font_icon=&#8220;&#xf0e7;||fa||900&#8243; _builder_version=&#8220;4.22.1&#8243; _module_preset=&#8220;default&#8220; global_colors_info=&#8220;{}&#8220;][\/et_pb_icon][et_pb_cta title=&#8220;II. Situa\u010dn\u00ed trauma&#8220; button_url=&#8220;#&#8220; _builder_version=&#8220;4.22.1&#8243; header_level=&#8220;h3&#8243; header_font=&#8220;||||||||&#8220; header_text_color=&#8220;#48d14c&#8220; header_line_height=&#8220;1.5em&#8220; body_font=&#8220;Montserrat|300|||||||&#8220; body_text_align=&#8220;left&#8220; body_font_size=&#8220;15px&#8220; body_line_height=&#8220;2em&#8220; use_background_color=&#8220;off&#8220; custom_button=&#8220;on&#8220; button_text_size=&#8220;14px&#8220; button_text_color=&#8220;#2f8cff&#8220; button_bg_color=&#8220;rgba(0,0,0,0.05)&#8220; button_border_width=&#8220;0px&#8220; button_border_radius=&#8220;100px&#8220; button_letter_spacing=&#8220;1px&#8220; button_font=&#8220;Montserrat||||||||&#8220; button_use_icon=&#8220;off&#8220; background_layout=&#8220;light&#8220; custom_padding=&#8220;|||&#8220; animation_direction=&#8220;top&#8220; border_radii=&#8220;||||&#8220; button_text_color_hover=&#8220;#ffffff&#8220; button_bg_color_hover=&#8220;#48d14c&#8220; locked=&#8220;off&#8220; global_colors_info=&#8220;{}&#8220; button_text_size__hover_enabled=&#8220;off&#8220; button_one_text_size__hover_enabled=&#8220;off&#8220; button_two_text_size__hover_enabled=&#8220;off&#8220; button_text_color__hover_enabled=&#8220;on&#8220; button_text_color__hover=&#8220;#ffffff&#8220; button_one_text_color__hover_enabled=&#8220;off&#8220; button_two_text_color__hover_enabled=&#8220;off&#8220; button_border_width__hover_enabled=&#8220;off&#8220; button_one_border_width__hover_enabled=&#8220;off&#8220; button_two_border_width__hover_enabled=&#8220;off&#8220; button_border_color__hover_enabled=&#8220;off&#8220; button_one_border_color__hover_enabled=&#8220;off&#8220; button_two_border_color__hover_enabled=&#8220;off&#8220; button_border_radius__hover_enabled=&#8220;off&#8220; button_one_border_radius__hover_enabled=&#8220;off&#8220; button_two_border_radius__hover_enabled=&#8220;off&#8220; button_letter_spacing__hover_enabled=&#8220;off&#8220; button_one_letter_spacing__hover_enabled=&#8220;off&#8220; button_two_letter_spacing__hover_enabled=&#8220;off&#8220; button_bg_color__hover_enabled=&#8220;on&#8220; button_bg_color__hover=&#8220;#48d14c&#8220; button_one_bg_color__hover_enabled=&#8220;off&#8220; button_two_bg_color__hover_enabled=&#8220;off&#8220;]<\/p>\n<ul>\n<li>Popis dopad\u016f na \u010dlov\u011bka v kontextu jeho pro\u017e\u00edv\u00e1n\u00ed a kapacit na \u00farovni kognitivn\u00ed, emo\u010dn\u00ed i t\u011blov\u00e9.<\/li>\n<li>Vyty\u010den\u00ed princip\u016f l\u00e9\u010dby.<\/li>\n<li>Stanoven\u00ed doporu\u010den\u00fdch mo\u017enost\u00ed terapie a jejich praktick\u00fd n\u00e1cvik.<\/li>\n<li>Zkoum\u00e1n\u00ed pozice terapeuta v poli situa\u010dn\u00edho traumatu, v\u010detn\u011b skryt\u00fdch n\u00e1rok\u016f.<\/li>\n<\/ul>\n<p><span>2 dny, celkem 16 hodin<\/span><span><\/span><\/p>\n<p>[\/et_pb_cta][\/et_pb_column][et_pb_column type=&#8220;1_4&#8243; _builder_version=&#8220;4.16&#8243; custom_padding=&#8220;|||&#8220; global_colors_info=&#8220;{}&#8220; custom_padding__hover=&#8220;|||&#8220;][et_pb_icon font_icon=&#8220;&#xf550;||fa||900&#8243; _builder_version=&#8220;4.22.1&#8243; _module_preset=&#8220;default&#8220; global_colors_info=&#8220;{}&#8220;][\/et_pb_icon][et_pb_cta title=&#8220;III. V\u00fdvojov\u00e9 trauma&#8220; button_url=&#8220;#&#8220; _builder_version=&#8220;4.22.1&#8243; header_level=&#8220;h3&#8243; header_font=&#8220;||||||||&#8220; header_text_color=&#8220;#48d14c&#8220; header_line_height=&#8220;1.5em&#8220; body_font=&#8220;Montserrat|300|||||||&#8220; body_text_align=&#8220;left&#8220; body_font_size=&#8220;15px&#8220; body_line_height=&#8220;2em&#8220; use_background_color=&#8220;off&#8220; custom_button=&#8220;on&#8220; button_text_size=&#8220;14px&#8220; button_text_color=&#8220;#2f8cff&#8220; button_bg_color=&#8220;rgba(0,0,0,0.05)&#8220; button_border_width=&#8220;0px&#8220; button_border_radius=&#8220;100px&#8220; button_letter_spacing=&#8220;1px&#8220; button_font=&#8220;Montserrat||||||||&#8220; button_use_icon=&#8220;off&#8220; background_layout=&#8220;light&#8220; custom_padding=&#8220;|||&#8220; animation_direction=&#8220;top&#8220; border_radii=&#8220;||||&#8220; button_text_color_hover=&#8220;#ffffff&#8220; button_bg_color_hover=&#8220;#48d14c&#8220; locked=&#8220;off&#8220; global_colors_info=&#8220;{}&#8220; button_text_size__hover_enabled=&#8220;off&#8220; button_one_text_size__hover_enabled=&#8220;off&#8220; button_two_text_size__hover_enabled=&#8220;off&#8220; button_text_color__hover_enabled=&#8220;on&#8220; button_text_color__hover=&#8220;#ffffff&#8220; button_one_text_color__hover_enabled=&#8220;off&#8220; button_two_text_color__hover_enabled=&#8220;off&#8220; button_border_width__hover_enabled=&#8220;off&#8220; button_one_border_width__hover_enabled=&#8220;off&#8220; button_two_border_width__hover_enabled=&#8220;off&#8220; button_border_color__hover_enabled=&#8220;off&#8220; button_one_border_color__hover_enabled=&#8220;off&#8220; button_two_border_color__hover_enabled=&#8220;off&#8220; button_border_radius__hover_enabled=&#8220;off&#8220; button_one_border_radius__hover_enabled=&#8220;off&#8220; button_two_border_radius__hover_enabled=&#8220;off&#8220; button_letter_spacing__hover_enabled=&#8220;off&#8220; button_one_letter_spacing__hover_enabled=&#8220;off&#8220; button_two_letter_spacing__hover_enabled=&#8220;off&#8220; button_bg_color__hover_enabled=&#8220;on&#8220; button_bg_color__hover=&#8220;#48d14c&#8220; button_one_bg_color__hover_enabled=&#8220;off&#8220; button_two_bg_color__hover_enabled=&#8220;off&#8220;]<\/p>\n<ul>\n<li><span>Zkoum\u00e1n\u00ed dopad\u016f na \u010dlov\u011bka v kontextu jeho pro\u017e\u00edv\u00e1n\u00ed a kapacit na \u00farovni kognitivn\u00ed, emo\u010dn\u00ed i t\u011blov\u00e9.\u00a0<\/span><\/li>\n<li><span>Vyty\u010den\u00ed princip\u016f l\u00e9\u010dby.<br \/><\/span><\/li>\n<li><span>Stanoven\u00ed\u00a0doporu\u010den\u00fdch mo\u017enost\u00ed terapie a jejich praktick\u00fd n\u00e1cvik.\u00a0<\/span><\/li>\n<li><span>Zkoum\u00e1n\u00ed pozice terapeuta v poli v\u00fdvojov\u00e9ho traumatu, v\u010detn\u011b skryt\u00fdch n\u00e1rok\u016f.<\/span><\/li>\n<\/ul>\n<p><span>2 dny, celkem 16 hodin<\/span><\/p>\n<p>[\/et_pb_cta][\/et_pb_column][et_pb_column type=&#8220;1_4&#8243; _builder_version=&#8220;4.16&#8243; custom_padding=&#8220;|||&#8220; global_colors_info=&#8220;{}&#8220; custom_padding__hover=&#8220;|||&#8220;][et_pb_icon font_icon=&#8220;&#xe00a;||divi||400&#8243; _builder_version=&#8220;4.22.1&#8243; _module_preset=&#8220;default&#8220; global_colors_info=&#8220;{}&#8220;][\/et_pb_icon][et_pb_cta title=&#8220;Supervize a integrace&#8220; button_url=&#8220;#&#8220; _builder_version=&#8220;4.22.2&#8243; header_level=&#8220;h3&#8243; header_font=&#8220;||||||||&#8220; header_text_color=&#8220;#48d14c&#8220; header_line_height=&#8220;1.5em&#8220; body_font=&#8220;Montserrat|300|||||||&#8220; body_text_align=&#8220;left&#8220; body_font_size=&#8220;15px&#8220; body_line_height=&#8220;2em&#8220; use_background_color=&#8220;off&#8220; custom_button=&#8220;on&#8220; button_text_size=&#8220;14px&#8220; button_text_color=&#8220;#2f8cff&#8220; button_bg_color=&#8220;rgba(0,0,0,0.05)&#8220; button_border_width=&#8220;0px&#8220; button_border_radius=&#8220;100px&#8220; button_letter_spacing=&#8220;1px&#8220; button_font=&#8220;Montserrat||||||||&#8220; button_use_icon=&#8220;off&#8220; background_layout=&#8220;light&#8220; custom_padding=&#8220;|||&#8220; animation_direction=&#8220;top&#8220; border_radii=&#8220;||||&#8220; button_text_color_hover=&#8220;#ffffff&#8220; button_bg_color_hover=&#8220;#48d14c&#8220; locked=&#8220;off&#8220; global_colors_info=&#8220;{}&#8220; button_text_size__hover_enabled=&#8220;off&#8220; button_one_text_size__hover_enabled=&#8220;off&#8220; button_two_text_size__hover_enabled=&#8220;off&#8220; button_text_color__hover_enabled=&#8220;on&#8220; button_text_color__hover=&#8220;#ffffff&#8220; button_one_text_color__hover_enabled=&#8220;off&#8220; button_two_text_color__hover_enabled=&#8220;off&#8220; button_border_width__hover_enabled=&#8220;off&#8220; button_one_border_width__hover_enabled=&#8220;off&#8220; button_two_border_width__hover_enabled=&#8220;off&#8220; button_border_color__hover_enabled=&#8220;off&#8220; button_one_border_color__hover_enabled=&#8220;off&#8220; button_two_border_color__hover_enabled=&#8220;off&#8220; button_border_radius__hover_enabled=&#8220;off&#8220; button_one_border_radius__hover_enabled=&#8220;off&#8220; button_two_border_radius__hover_enabled=&#8220;off&#8220; button_letter_spacing__hover_enabled=&#8220;off&#8220; button_one_letter_spacing__hover_enabled=&#8220;off&#8220; button_two_letter_spacing__hover_enabled=&#8220;off&#8220; button_bg_color__hover_enabled=&#8220;on&#8220; button_bg_color__hover=&#8220;#48d14c&#8220; button_one_bg_color__hover_enabled=&#8220;off&#8220; button_two_bg_color__hover_enabled=&#8220;off&#8220;]<\/p>\n<ul>\n<li><span>Integrace nabyt\u00fdch v\u011bdomost\u00ed a dovednost\u00ed<\/span><\/li>\n<li><span>Supervize kazuistik \u00fa\u010dastn\u00edk\u016f<\/span><\/li>\n<li><span>Jednodenn\u00ed setk\u00e1n\u00ed p\u0159\u00edstupn\u00e9 v\u0161em \u00fa\u010dastn\u00edk\u016fm, kte\u0159\u00ed absolvovali alespo\u0148 blok I. &#8222;\u00davod do psychoterapie traumatu&#8220;. Toto setk\u00e1n\u00ed je mo\u017en\u00e9 nav\u0161t\u011bvovat opakovan\u011b.<\/span><\/li>\n<\/ul>\n<p><span>1 den, celkem 8 hodin<\/span><\/p>\n<p>[\/et_pb_cta][\/et_pb_column][\/et_pb_row][\/et_pb_section][et_pb_section fb_built=&#8220;1&#8243; _builder_version=&#8220;4.22.1&#8243; _module_preset=&#8220;default&#8220; use_background_color_gradient=&#8220;on&#8220; background_color_gradient_stops=&#8220;rgba(49,128,192,0.2) 0%|rgba(49,128,192,0.6) 100%&#8220; background_color_gradient_overlays_image=&#8220;on&#8220; background_color_gradient_start=&#8220;rgba(49,128,192,0.2)&#8220; background_color_gradient_end=&#8220;rgba(49,128,192,0.6)&#8220; global_colors_info=&#8220;{}&#8220;][et_pb_row column_structure=&#8220;3_5,2_5&#8243; _builder_version=&#8220;4.22.1&#8243; _module_preset=&#8220;default&#8220; global_colors_info=&#8220;{}&#8220;][et_pb_column type=&#8220;3_5&#8243; _builder_version=&#8220;4.22.1&#8243; _module_preset=&#8220;default&#8220; global_colors_info=&#8220;{}&#8220;][et_pb_text _builder_version=&#8220;4.27.4&#8243; _module_preset=&#8220;default&#8220; text_line_height=&#8220;1em&#8220; global_colors_info=&#8220;{}&#8220;]<\/p>\n<h3><strong>Term\u00edny semin\u00e1\u0159\u016f supervize a integrace:<\/strong><\/h3>\n<ul>\n<li>21. 4. 2026<\/li>\n<\/ul>\n<p>[\/et_pb_text][\/et_pb_column][et_pb_column type=&#8220;2_5&#8243; _builder_version=&#8220;4.22.1&#8243; _module_preset=&#8220;default&#8220; global_colors_info=&#8220;{}&#8220;][et_pb_text _builder_version=&#8220;4.27.4&#8243; _module_preset=&#8220;default&#8220; text_line_height=&#8220;1em&#8220; global_colors_info=&#8220;{}&#8220;]<\/p>\n<h3><strong>Cena semin\u00e1\u0159\u016f supervize a integrace:<\/strong><\/h3>\n<p><strong><\/strong><\/p>\n<p>2 500,- K\u010d<\/p>\n<p>[\/et_pb_text][\/et_pb_column][\/et_pb_row][et_pb_row column_structure=&#8220;3_5,2_5&#8243; _builder_version=&#8220;4.22.1&#8243; _module_preset=&#8220;default&#8220; global_colors_info=&#8220;{}&#8220;][et_pb_column type=&#8220;3_5&#8243; _builder_version=&#8220;4.22.1&#8243; _module_preset=&#8220;default&#8220; global_colors_info=&#8220;{}&#8220;][et_pb_text _builder_version=&#8220;4.27.5&#8243; _module_preset=&#8220;default&#8220; text_line_height=&#8220;1em&#8220; hover_enabled=&#8220;0&#8243; global_colors_info=&#8220;{}&#8220; sticky_enabled=&#8220;0&#8243;]<\/p>\n<h3><strong>Term\u00edny semin\u00e1\u0159\u016f (b\u011bh 9:) (z\u00e1v\u011bre\u010dn\u00fd b\u011bh)<\/strong><\/h3>\n<ul>\n<li>II. Situa\u010dn\u00ed trauma 27. 1. a 28. 1. 2026<\/li>\n<li>III. V\u00fdvojov\u00e9 trauma 24. 3.\u00a0 a 25 . 3. 2026<\/li>\n<\/ul>\n<p>[\/et_pb_text][\/et_pb_column][et_pb_column type=&#8220;2_5&#8243; _builder_version=&#8220;4.22.1&#8243; _module_preset=&#8220;default&#8220; global_colors_info=&#8220;{}&#8220;][et_pb_text _builder_version=&#8220;4.27.5&#8243; _module_preset=&#8220;default&#8220; text_line_height=&#8220;1em&#8220; hover_enabled=&#8220;0&#8243; global_colors_info=&#8220;{}&#8220; sticky_enabled=&#8220;0&#8243;]<\/p>\n<h3><strong>Cena (za b\u011bh 9):<\/strong><strong><\/strong><strong><\/strong><\/h3>\n<p>II. Situa\u010dn\u00ed trauma 5 000,- K\u010d<\/p>\n<p>III. V\u00fdvojov\u00e9 trauma 5000 ,- K\u010d<\/p>\n<p>[\/et_pb_text][\/et_pb_column][\/et_pb_row][et_pb_row _builder_version=&#8220;4.22.1&#8243; _module_preset=&#8220;default&#8220; global_colors_info=&#8220;{}&#8220;][et_pb_column type=&#8220;4_4&#8243; _builder_version=&#8220;4.22.1&#8243; _module_preset=&#8220;default&#8220; global_colors_info=&#8220;{}&#8220;][et_pb_text _builder_version=&#8220;4.27.4&#8243; _module_preset=&#8220;default&#8220; text_line_height=&#8220;1em&#8220; global_colors_info=&#8220;{}&#8220;]<\/p>\n<h3><strong>Semin\u00e1\u0159em &#8222;Fenom\u00e9n t\u011bla v psychoterapii&#8220; 19. 5. &#8211; 20.5. 2026&#8243; bude cel\u00fd projekt &#8222;Psychoterapie traumatu&#8220; zakon\u010den.<\/strong><\/h3>\n<p>[\/et_pb_text][\/et_pb_column][\/et_pb_row][\/et_pb_section][et_pb_section fb_built=&#8220;1&#8243; _builder_version=&#8220;4.22.1&#8243; _module_preset=&#8220;default&#8220; global_colors_info=&#8220;{}&#8220;][et_pb_row column_structure=&#8220;2_3,1_3&#8243; _builder_version=&#8220;4.22.1&#8243; _module_preset=&#8220;default&#8220; global_colors_info=&#8220;{}&#8220;][et_pb_column type=&#8220;2_3&#8243; _builder_version=&#8220;4.22.1&#8243; _module_preset=&#8220;default&#8220; global_colors_info=&#8220;{}&#8220;][et_pb_text _builder_version=&#8220;4.25.1&#8243; _module_preset=&#8220;default&#8220; global_colors_info=&#8220;{}&#8220;]<\/p>\n<h3><strong>O semin\u00e1\u0159\u00edch:<\/strong><\/h3>\n<p><strong>Skupina:<\/strong> maxim\u00e1ln\u011b 26 \u00fa\u010dastn\u00edk\u016f<\/p>\n<p><strong>Lekto\u0159i:<\/strong> <span style=\"text-decoration: underline;\"><span style=\"color: #000000; text-decoration: underline;\"><a href=\"https:\/\/www.petrodstrcil.cz\/\" style=\"color: #000000; text-decoration: underline;\" target=\"_blank\" rel=\"noopener\">Mgr. Petr Odstr\u010dil<\/a><\/span><\/span> a<span style=\"text-decoration: underline; color: #000000;\"> <a href=\"https:\/\/www.vzdelavanivpsychoterapii.cz\/?page_id=189(otev\u0159e%20se na nov\u00e9 z\u00e1lo\u017ece)\" style=\"color: #000000; text-decoration: underline;\"><span>PhDr<\/span>. Veronika Pinkasov\u00e1<\/a><\/span><\/p>\n<p><strong>M\u00edsto kon\u00e1n\u00ed:<\/strong> <span style=\"text-decoration: underline;\"><span style=\"color: #333333;\"><a href=\"https:\/\/www.modry-klic.cz\/\" style=\"color: #333333; text-decoration: underline;\" target=\"_blank\" rel=\"noopener\">Modr\u00fd kl\u00ed\u010d, Smolkova 567, Praha 12<\/a><\/span><\/span><\/p>\n<p><strong>\u010cas:<\/strong> v\u017edy 9:00 &#8211; 17:00<\/p>\n<p><strong>S organizac\u00ed n\u00e1m pom\u00e1h\u00e1:<\/strong> Kate\u0159ina \u0160afr\u00e1nkov\u00e1<\/p>\n<p><strong>Tel:<\/strong> 777 818 448<\/p>\n<p><strong>Mail:<\/strong> <span style=\"text-decoration: underline;\"><span style=\"color: #333333;\"><a href=\"mailto:aqeduct.secretatiat@gmail.com\" style=\"color: #333333; text-decoration: underline;\">vzdelavanivpsychoterapii@gmail.com<\/a><\/span><\/span><\/p>\n<p><span style=\"text-decoration: underline; color: #333333;\"><a href=\"https:\/\/www.facebook.com\/profile.php?id=100089180415426\" style=\"color: #333333;\"><strong>Facebook<\/strong><\/a><\/span><\/p>\n<p><strong>Je nezbytn\u00e9 se \u00fa\u010dastnit semin\u00e1\u0159\u016f v po\u0159ad\u00ed tak, jak jsou v\u00fd\u0161e uvedeny.<\/strong><\/p>\n<p><strong>P\u0159ihl\u00e1\u0161en\u00ed se st\u00e1v\u00e1 z\u00e1vazn\u00fdm v okam\u017eiku p\u0159ips\u00e1n\u00ed platby na n\u00e1\u0161 \u00fa\u010det.<\/strong><\/p>\n<p>[\/et_pb_text][\/et_pb_column][et_pb_column type=&#8220;1_3&#8243; _builder_version=&#8220;4.22.1&#8243; _module_preset=&#8220;default&#8220; global_colors_info=&#8220;{}&#8220;][et_pb_text _builder_version=&#8220;4.22.2&#8243; _module_preset=&#8220;default&#8220; global_colors_info=&#8220;{}&#8220;]<\/p>\n<h3><strong>Storno podm\u00ednky:<\/strong><\/h3>\n<p>Pokud zru\u0161\u00edte svoj\u00ed \u00fa\u010dast v\u00edce ne\u017e 14 kalend\u00e1\u0159n\u00edch p\u0159ed kon\u00e1n\u00edm akce, storno poplatek ne\u00fa\u010dtujeme.<\/p>\n<p>Od 14 kalend\u00e1\u0159n\u00edch dn\u00ed p\u0159ed kon\u00e1n\u00edm akce \u010din\u00ed storno poplatek 50% z celkov\u00e9 ceny semin\u00e1\u0159e.<\/p>\n<p>Storno poplatek ne\u00fa\u010dtujeme v p\u0159\u00edpad\u011b, \u017ee \u00fa\u010dastn\u00edk za sebe najde n\u00e1hradu.<\/p>\n<p>D\u011bkujeme za pochopen\u00ed<\/p>\n<p>[\/et_pb_text][\/et_pb_column][\/et_pb_row][\/et_pb_section][et_pb_section fb_built=&#8220;1&#8243; admin_label=&#8220;Doctors&#8220; _builder_version=&#8220;4.22.2&#8243; background_color=&#8220;rgba(0,0,0,0.25)&#8220; custom_padding=&#8220;37px|0px|37px|0px|true|false&#8220; global_colors_info=&#8220;{}&#8220;][et_pb_row column_structure=&#8220;1_3,1_3,1_3&#8243; admin_label=&#8220;Content Are One&#8220; _builder_version=&#8220;4.16&#8243; locked=&#8220;off&#8220; global_colors_info=&#8220;{}&#8220;][et_pb_column type=&#8220;1_3&#8243; _builder_version=&#8220;4.16&#8243; custom_padding=&#8220;|||&#8220; global_colors_info=&#8220;{}&#8220; custom_padding__hover=&#8220;|||&#8220;][et_pb_divider show_divider=&#8220;off&#8220; _builder_version=&#8220;4.22.1&#8243; _module_preset=&#8220;default&#8220; min_height=&#8220;49.8px&#8220; global_colors_info=&#8220;{}&#8220;][\/et_pb_divider][et_pb_heading title=&#8220;Lekto\u0159i semin\u00e1\u0159\u016f Psychoterapie traumatu&#8220; _builder_version=&#8220;4.22.1&#8243; _module_preset=&#8220;default&#8220; title_text_align=&#8220;right&#8220; title_line_height=&#8220;1.2em&#8220; global_colors_info=&#8220;{}&#8220;][\/et_pb_heading][\/et_pb_column][et_pb_column type=&#8220;1_3&#8243; _builder_version=&#8220;4.16&#8243; custom_padding=&#8220;|||&#8220; global_colors_info=&#8220;{}&#8220; custom_padding__hover=&#8220;|||&#8220;][et_pb_image src=&#8220;https:\/\/www.vzdelavanivpsychoterapii.cz\/wp-content\/uploads\/2023\/09\/Petr-7-scaled-e1694352367501.jpg&#8220; title_text=&#8220;Petr 7&#8243; show_bottom_space=&#8220;off&#8220; force_fullwidth=&#8220;on&#8220; align_tablet=&#8220;center&#8220; align_phone=&#8220;center&#8220; align_last_edited=&#8220;on|desktop&#8220; _builder_version=&#8220;4.22.1&#8243; animation_style=&#8220;slide&#8220; animation_direction=&#8220;bottom&#8220; animation_delay=&#8220;100ms&#8220; animation_intensity_slide=&#8220;12%&#8220; border_radii=&#8220;|25px|25px||&#8220; locked=&#8220;off&#8220; global_colors_info=&#8220;{}&#8220;][\/et_pb_image][et_pb_cta title=&#8220;Mgr. Petr Odstr\u010dil&#8220; button_url=&#8220;https:\/\/www.vzdelavanivpsychoterapii.cz\/?page_id=110(otev\u0159e%20se%20na%20nov\u00e9%20z\u00e1lo\u017ece)&#8220; button_text=&#8220;v\u00edce informac\u00ed&#8220; _builder_version=&#8220;4.22.1&#8243; header_level=&#8220;h3&#8243; header_font=&#8220;||||||||&#8220; header_line_height=&#8220;1.5em&#8220; body_font=&#8220;Montserrat|300|||||||&#8220; body_text_align=&#8220;left&#8220; body_font_size=&#8220;15px&#8220; body_line_height=&#8220;1.8em&#8220; background_color=&#8220;#ffffff&#8220; custom_button=&#8220;on&#8220; button_text_size=&#8220;14px&#8220; button_text_color=&#8220;#48d14c&#8220; button_bg_color=&#8220;rgba(0,0,0,0.05)&#8220; button_border_width=&#8220;0px&#8220; button_border_radius=&#8220;100px&#8220; button_letter_spacing=&#8220;1px&#8220; button_font=&#8220;Montserrat||||||||&#8220; button_use_icon=&#8220;off&#8220; background_layout=&#8220;light&#8220; custom_padding=&#8220;30px|30px|30px|30px|true|true&#8220; animation_direction=&#8220;top&#8220; link_option_url=&#8220;https:\/\/www.vzdelavanivpsychoterapii.cz\/?page_id=110&#8243; border_radii=&#8220;|||25px|25px&#8220; box_shadow_style=&#8220;preset3&#8243; box_shadow_vertical=&#8220;30px&#8220; box_shadow_blur=&#8220;50px&#8220; box_shadow_spread=&#8220;-30px&#8220; box_shadow_color=&#8220;rgba(0,0,0,0.1)&#8220; button_text_color_hover=&#8220;#ffffff&#8220; button_bg_color_hover=&#8220;#48d14c&#8220; locked=&#8220;off&#8220; global_colors_info=&#8220;{}&#8220; button_text_size__hover_enabled=&#8220;off&#8220; button_one_text_size__hover_enabled=&#8220;off&#8220; button_two_text_size__hover_enabled=&#8220;off&#8220; button_text_color__hover_enabled=&#8220;on&#8220; button_text_color__hover=&#8220;#ffffff&#8220; button_one_text_color__hover_enabled=&#8220;off&#8220; button_two_text_color__hover_enabled=&#8220;off&#8220; button_border_width__hover_enabled=&#8220;off&#8220; button_one_border_width__hover_enabled=&#8220;off&#8220; button_two_border_width__hover_enabled=&#8220;off&#8220; button_border_color__hover_enabled=&#8220;off&#8220; button_one_border_color__hover_enabled=&#8220;off&#8220; button_two_border_color__hover_enabled=&#8220;off&#8220; button_border_radius__hover_enabled=&#8220;off&#8220; button_one_border_radius__hover_enabled=&#8220;off&#8220; button_two_border_radius__hover_enabled=&#8220;off&#8220; button_letter_spacing__hover_enabled=&#8220;off&#8220; button_one_letter_spacing__hover_enabled=&#8220;off&#8220; button_two_letter_spacing__hover_enabled=&#8220;off&#8220; button_bg_color__hover_enabled=&#8220;on&#8220; button_bg_color__hover=&#8220;#48d14c&#8220; button_one_bg_color__hover_enabled=&#8220;off&#8220; button_two_bg_color__hover_enabled=&#8220;off&#8220;]<\/p>\n<p>Psychoterapeut, supervizor a lektor psychoterapeutick\u00fdch v\u00fdcvik\u016f a postgradu\u00e1ln\u00edho vzd\u011bl\u00e1v\u00e1n\u00ed.<\/p>\n<p>[\/et_pb_cta][\/et_pb_column][et_pb_column type=&#8220;1_3&#8243; _builder_version=&#8220;4.16&#8243; custom_padding=&#8220;|||&#8220; global_colors_info=&#8220;{}&#8220; custom_padding__hover=&#8220;|||&#8220;][et_pb_image src=&#8220;https:\/\/www.vzdelavanivpsychoterapii.cz\/wp-content\/uploads\/2023\/09\/Veronika-Pinkasova-e1694352178569.jpg&#8220; alt=&#8220;o\u0159\u00edznut\u00fd&#8220; title_text=&#8220;Veronika Pinkasova\u0301&#8220; show_bottom_space=&#8220;off&#8220; force_fullwidth=&#8220;on&#8220; align_tablet=&#8220;center&#8220; align_phone=&#8220;center&#8220; align_last_edited=&#8220;on|desktop&#8220; _builder_version=&#8220;4.22.1&#8243; animation_style=&#8220;slide&#8220; animation_direction=&#8220;bottom&#8220; animation_delay=&#8220;200ms&#8220; animation_intensity_slide=&#8220;12%&#8220; border_radii=&#8220;|25px|25px||&#8220; locked=&#8220;off&#8220; global_colors_info=&#8220;{}&#8220;][\/et_pb_image][et_pb_cta title=&#8220;PhDr. Veronika Pinkasov\u00e1&#8220; button_url=&#8220;https:\/\/www.vzdelavanivpsychoterapii.cz\/?page_id=189&#8243; button_text=&#8220;v\u00edce informac\u00ed&#8220; _builder_version=&#8220;4.23.1&#8243; header_level=&#8220;h3&#8243; header_font=&#8220;||||||||&#8220; header_line_height=&#8220;1.5em&#8220; body_font=&#8220;Montserrat|300|||||||&#8220; body_text_align=&#8220;left&#8220; body_font_size=&#8220;15px&#8220; body_line_height=&#8220;1.8em&#8220; background_color=&#8220;#ffffff&#8220; custom_button=&#8220;on&#8220; button_text_size=&#8220;14px&#8220; button_text_color=&#8220;#48d14c&#8220; button_bg_color=&#8220;rgba(0,0,0,0.05)&#8220; button_border_width=&#8220;0px&#8220; button_border_radius=&#8220;100px&#8220; button_letter_spacing=&#8220;1px&#8220; button_font=&#8220;Montserrat||||||||&#8220; button_use_icon=&#8220;off&#8220; background_layout=&#8220;light&#8220; custom_padding=&#8220;30px|30px|30px|30px|true|true&#8220; animation_direction=&#8220;top&#8220; border_radii=&#8220;|||25px|25px&#8220; box_shadow_style=&#8220;preset3&#8243; box_shadow_vertical=&#8220;30px&#8220; box_shadow_blur=&#8220;50px&#8220; box_shadow_spread=&#8220;-30px&#8220; box_shadow_color=&#8220;rgba(0,0,0,0.1)&#8220; button_text_color_hover=&#8220;#ffffff&#8220; button_bg_color_hover=&#8220;#48d14c&#8220; locked=&#8220;off&#8220; global_colors_info=&#8220;{}&#8220; button_text_size__hover_enabled=&#8220;off&#8220; button_one_text_size__hover_enabled=&#8220;off&#8220; button_two_text_size__hover_enabled=&#8220;off&#8220; button_text_color__hover_enabled=&#8220;on&#8220; button_text_color__hover=&#8220;#ffffff&#8220; button_one_text_color__hover_enabled=&#8220;off&#8220; button_two_text_color__hover_enabled=&#8220;off&#8220; button_border_width__hover_enabled=&#8220;off&#8220; button_one_border_width__hover_enabled=&#8220;off&#8220; button_two_border_width__hover_enabled=&#8220;off&#8220; button_border_color__hover_enabled=&#8220;off&#8220; button_one_border_color__hover_enabled=&#8220;off&#8220; button_two_border_color__hover_enabled=&#8220;off&#8220; button_border_radius__hover_enabled=&#8220;off&#8220; button_one_border_radius__hover_enabled=&#8220;off&#8220; button_two_border_radius__hover_enabled=&#8220;off&#8220; button_letter_spacing__hover_enabled=&#8220;off&#8220; button_one_letter_spacing__hover_enabled=&#8220;off&#8220; button_two_letter_spacing__hover_enabled=&#8220;off&#8220; button_bg_color__hover_enabled=&#8220;on&#8220; button_bg_color__hover=&#8220;#48d14c&#8220; button_one_bg_color__hover_enabled=&#8220;off&#8220; button_two_bg_color__hover_enabled=&#8220;off&#8220;]<\/p>\n<p>Psychoterapeutka, lektorka kurz\u016f krizov\u00e9 intervence a postgradu\u00e1ln\u00edho vzd\u011bl\u00e1v\u00e1n\u00ed.<\/p>\n<p>[\/et_pb_cta][\/et_pb_column][\/et_pb_row][\/et_pb_section][et_pb_section fb_built=&#8220;1&#8243; custom_padding_last_edited=&#8220;on|phone&#8220; admin_label=&#8220;Contact Form&#8220; _builder_version=&#8220;4.16&#8243; use_background_color_gradient=&#8220;on&#8220; background_color_gradient_stops=&#8220;rgba(49,128,192,0.2) 0%|rgba(49,128,192,0.6) 100%&#8220; background_color_gradient_overlays_image=&#8220;on&#8220; background_color_gradient_start=&#8220;rgba(49,128,192,0.2)&#8220; background_color_gradient_end=&#8220;rgba(49,128,192,0.6)&#8220; background_image=&#8220;https:\/\/www.vzdelavanivpsychoterapii.cz\/wp-content\/uploads\/2023\/09\/doctor-12.jpg&#8220; custom_margin=&#8220;|20px||&#8220; custom_padding=&#8220;100px||100px||true|false&#8220; custom_padding_tablet=&#8220;100px||100px|&#8220; custom_padding_phone=&#8220;|||&#8220; animation_style=&#8220;slide&#8220; animation_direction=&#8220;top&#8220; animation_intensity_slide=&#8220;5%&#8220; animation_starting_opacity=&#8220;100%&#8220; border_radii=&#8220;|||30vw|&#8220; border_color_all=&#8220;#0ee1f4&#8243; border_width_right=&#8220;2vw&#8220; box_shadow_style=&#8220;preset4&#8243; box_shadow_horizontal=&#8220;20px&#8220; box_shadow_vertical=&#8220;0px&#8220; box_shadow_color=&#8220;rgba(14,225,244,0.33)&#8220; global_colors_info=&#8220;{}&#8220;][et_pb_row _builder_version=&#8220;4.22.1&#8243; _module_preset=&#8220;default&#8220; global_colors_info=&#8220;{}&#8220;][et_pb_column type=&#8220;4_4&#8243; _builder_version=&#8220;4.22.1&#8243; _module_preset=&#8220;default&#8220; global_colors_info=&#8220;{}&#8220;][et_pb_heading title=&#8220;P\u0159ihla\u0161ovac\u00ed formul\u00e1\u0159 na semin\u00e1\u0159e Psychoterapie traumatu&#8220; _builder_version=&#8220;4.22.1&#8243; _module_preset=&#8220;default&#8220; global_colors_info=&#8220;{}&#8220;][\/et_pb_heading][wpforms_selector form_id=&#8220;228&#8243; _builder_version=&#8220;4.22.1&#8243; _module_preset=&#8220;default&#8220; global_colors_info=&#8220;{}&#8220;][\/wpforms_selector][\/et_pb_column][\/et_pb_row][\/et_pb_section]<\/p>\n","protected":false},"excerpt":{"rendered":"<p>Psychoterapie traumatuSoubor prezen\u010dn\u00edch semin\u00e1\u0159\u016f zam\u011b\u0159en\u00fdch na psychoterapii n\u00e1sledk\u016f traumatu. Vzd\u011bl\u00e1vac\u00ed program je ur\u010den psychoterapeut\u016fm s dlouhodob\u00fdm v\u00fdcvikem, p\u0159\u00edpadn\u011b frekventant\u016fm v jeho z\u00e1v\u011bre\u010dn\u00e9 f\u00e1zi. Je rozd\u011blen do \u010dty\u0159 souvisej\u00edc\u00edch setk\u00e1n\u00ed, v nich\u017e projdeme t\u00e9ma traumatizace komplexn\u011b od teoretick\u00fdch v\u00fdchodisek a\u017e po konkr\u00e9tn\u00ed praktick\u00e1 doporu\u010den\u00ed a postupy. Na principy psychoterapie traumatu nahl\u00ed\u017e\u00edme integrativn\u011b, s d\u016frazem na propojen\u00ed [&hellip;]<\/p>\n","protected":false},"author":1,"featured_media":0,"parent":0,"menu_order":0,"comment_status":"closed","ping_status":"closed","template":"","meta":{"_et_pb_use_builder":"on","_et_pb_old_content":"","_et_gb_content_width":"","footnotes":""},"class_list":["post-88","page","type-page","status-publish","hentry"],"yoast_head":"<!-- This site is optimized with the Yoast SEO plugin v21.3 - https:\/\/yoast.com\/wordpress\/plugins\/seo\/ -->\n<title>Psychoterapie traumatu - Psychoterapie traumatu<\/title>\n<meta name=\"robots\" content=\"index, follow, max-snippet:-1, max-image-preview:large, max-video-preview:-1\" \/>\n<link rel=\"canonical\" href=\"https:\/\/www.vzdelavanivpsychoterapii.cz\/\" \/>\n<meta property=\"og:locale\" content=\"cs_CZ\" \/>\n<meta property=\"og:type\" content=\"article\" \/>\n<meta property=\"og:title\" content=\"Psychoterapie traumatu - Psychoterapie traumatu\" \/>\n<meta property=\"og:description\" content=\"Psychoterapie traumatuSoubor prezen\u010dn\u00edch semin\u00e1\u0159\u016f zam\u011b\u0159en\u00fdch na psychoterapii n\u00e1sledk\u016f traumatu. Vzd\u011bl\u00e1vac\u00ed program je ur\u010den psychoterapeut\u016fm s dlouhodob\u00fdm v\u00fdcvikem, p\u0159\u00edpadn\u011b frekventant\u016fm v jeho z\u00e1v\u011bre\u010dn\u00e9 f\u00e1zi. Je rozd\u011blen do \u010dty\u0159 souvisej\u00edc\u00edch setk\u00e1n\u00ed, v nich\u017e projdeme t\u00e9ma traumatizace komplexn\u011b od teoretick\u00fdch v\u00fdchodisek a\u017e po konkr\u00e9tn\u00ed praktick\u00e1 doporu\u010den\u00ed a postupy. Na principy psychoterapie traumatu nahl\u00ed\u017e\u00edme integrativn\u011b, s d\u016frazem na propojen\u00ed [&hellip;]\" \/>\n<meta property=\"og:url\" content=\"https:\/\/www.vzdelavanivpsychoterapii.cz\/\" \/>\n<meta property=\"og:site_name\" content=\"Psychoterapie traumatu\" \/>\n<meta property=\"article:publisher\" content=\"https:\/\/www.facebook.com\/profile.php?id=100089180415426\" \/>\n<meta property=\"article:modified_time\" content=\"2026-01-08T18:42:06+00:00\" \/>\n<meta name=\"twitter:card\" content=\"summary_large_image\" \/>\n<meta name=\"twitter:label1\" content=\"Odhadovan\u00e1 doba \u010dten\u00ed\" \/>\n\t<meta name=\"twitter:data1\" content=\"19 minut\" \/>\n<script type=\"application\/ld+json\" class=\"yoast-schema-graph\">{\"@context\":\"https:\/\/schema.org\",\"@graph\":[{\"@type\":\"WebPage\",\"@id\":\"https:\/\/www.vzdelavanivpsychoterapii.cz\/\",\"url\":\"https:\/\/www.vzdelavanivpsychoterapii.cz\/\",\"name\":\"Psychoterapie traumatu - Psychoterapie traumatu\",\"isPartOf\":{\"@id\":\"https:\/\/www.vzdelavanivpsychoterapii.cz\/#website\"},\"datePublished\":\"2023-09-08T13:34:43+00:00\",\"dateModified\":\"2026-01-08T18:42:06+00:00\",\"breadcrumb\":{\"@id\":\"https:\/\/www.vzdelavanivpsychoterapii.cz\/#breadcrumb\"},\"inLanguage\":\"cs\",\"potentialAction\":[{\"@type\":\"ReadAction\",\"target\":[\"https:\/\/www.vzdelavanivpsychoterapii.cz\/\"]}]},{\"@type\":\"BreadcrumbList\",\"@id\":\"https:\/\/www.vzdelavanivpsychoterapii.cz\/#breadcrumb\",\"itemListElement\":[{\"@type\":\"ListItem\",\"position\":1,\"name\":\"Dom\u016f\",\"item\":\"https:\/\/www.vzdelavanivpsychoterapii.cz\/\"},{\"@type\":\"ListItem\",\"position\":2,\"name\":\"Psychoterapie traumatu\"}]},{\"@type\":\"WebSite\",\"@id\":\"https:\/\/www.vzdelavanivpsychoterapii.cz\/#website\",\"url\":\"https:\/\/www.vzdelavanivpsychoterapii.cz\/\",\"name\":\"Psychoterapie traumatu\",\"description\":\"Postgradu\u00e1ln\u00ed semin\u00e1\u0159e\",\"publisher\":{\"@id\":\"https:\/\/www.vzdelavanivpsychoterapii.cz\/#organization\"},\"potentialAction\":[{\"@type\":\"SearchAction\",\"target\":{\"@type\":\"EntryPoint\",\"urlTemplate\":\"https:\/\/www.vzdelavanivpsychoterapii.cz\/?s={search_term_string}\"},\"query-input\":\"required name=search_term_string\"}],\"inLanguage\":\"cs\"},{\"@type\":\"Organization\",\"@id\":\"https:\/\/www.vzdelavanivpsychoterapii.cz\/#organization\",\"name\":\"Psychoterapie traumatu\",\"url\":\"https:\/\/www.vzdelavanivpsychoterapii.cz\/\",\"logo\":{\"@type\":\"ImageObject\",\"inLanguage\":\"cs\",\"@id\":\"https:\/\/www.vzdelavanivpsychoterapii.cz\/#\/schema\/logo\/image\/\",\"url\":\"https:\/\/www.vzdelavanivpsychoterapii.cz\/wp-content\/uploads\/2023\/09\/VP-5.png\",\"contentUrl\":\"https:\/\/www.vzdelavanivpsychoterapii.cz\/wp-content\/uploads\/2023\/09\/VP-5.png\",\"width\":500,\"height\":500,\"caption\":\"Psychoterapie traumatu\"},\"image\":{\"@id\":\"https:\/\/www.vzdelavanivpsychoterapii.cz\/#\/schema\/logo\/image\/\"},\"sameAs\":[\"https:\/\/www.facebook.com\/profile.php?id=100089180415426\"]}]}<\/script>\n<!-- \/ Yoast SEO plugin. -->","yoast_head_json":{"title":"Psychoterapie traumatu - Psychoterapie traumatu","robots":{"index":"index","follow":"follow","max-snippet":"max-snippet:-1","max-image-preview":"max-image-preview:large","max-video-preview":"max-video-preview:-1"},"canonical":"https:\/\/www.vzdelavanivpsychoterapii.cz\/","og_locale":"cs_CZ","og_type":"article","og_title":"Psychoterapie traumatu - Psychoterapie traumatu","og_description":"Psychoterapie traumatuSoubor prezen\u010dn\u00edch semin\u00e1\u0159\u016f zam\u011b\u0159en\u00fdch na psychoterapii n\u00e1sledk\u016f traumatu. Vzd\u011bl\u00e1vac\u00ed program je ur\u010den psychoterapeut\u016fm s dlouhodob\u00fdm v\u00fdcvikem, p\u0159\u00edpadn\u011b frekventant\u016fm v jeho z\u00e1v\u011bre\u010dn\u00e9 f\u00e1zi. Je rozd\u011blen do \u010dty\u0159 souvisej\u00edc\u00edch setk\u00e1n\u00ed, v nich\u017e projdeme t\u00e9ma traumatizace komplexn\u011b od teoretick\u00fdch v\u00fdchodisek a\u017e po konkr\u00e9tn\u00ed praktick\u00e1 doporu\u010den\u00ed a postupy. Na principy psychoterapie traumatu nahl\u00ed\u017e\u00edme integrativn\u011b, s d\u016frazem na propojen\u00ed [&hellip;]","og_url":"https:\/\/www.vzdelavanivpsychoterapii.cz\/","og_site_name":"Psychoterapie traumatu","article_publisher":"https:\/\/www.facebook.com\/profile.php?id=100089180415426","article_modified_time":"2026-01-08T18:42:06+00:00","twitter_card":"summary_large_image","twitter_misc":{"Odhadovan\u00e1 doba \u010dten\u00ed":"19 minut"},"schema":{"@context":"https:\/\/schema.org","@graph":[{"@type":"WebPage","@id":"https:\/\/www.vzdelavanivpsychoterapii.cz\/","url":"https:\/\/www.vzdelavanivpsychoterapii.cz\/","name":"Psychoterapie traumatu - Psychoterapie traumatu","isPartOf":{"@id":"https:\/\/www.vzdelavanivpsychoterapii.cz\/#website"},"datePublished":"2023-09-08T13:34:43+00:00","dateModified":"2026-01-08T18:42:06+00:00","breadcrumb":{"@id":"https:\/\/www.vzdelavanivpsychoterapii.cz\/#breadcrumb"},"inLanguage":"cs","potentialAction":[{"@type":"ReadAction","target":["https:\/\/www.vzdelavanivpsychoterapii.cz\/"]}]},{"@type":"BreadcrumbList","@id":"https:\/\/www.vzdelavanivpsychoterapii.cz\/#breadcrumb","itemListElement":[{"@type":"ListItem","position":1,"name":"Dom\u016f","item":"https:\/\/www.vzdelavanivpsychoterapii.cz\/"},{"@type":"ListItem","position":2,"name":"Psychoterapie traumatu"}]},{"@type":"WebSite","@id":"https:\/\/www.vzdelavanivpsychoterapii.cz\/#website","url":"https:\/\/www.vzdelavanivpsychoterapii.cz\/","name":"Psychoterapie traumatu","description":"Postgradu\u00e1ln\u00ed semin\u00e1\u0159e","publisher":{"@id":"https:\/\/www.vzdelavanivpsychoterapii.cz\/#organization"},"potentialAction":[{"@type":"SearchAction","target":{"@type":"EntryPoint","urlTemplate":"https:\/\/www.vzdelavanivpsychoterapii.cz\/?s={search_term_string}"},"query-input":"required name=search_term_string"}],"inLanguage":"cs"},{"@type":"Organization","@id":"https:\/\/www.vzdelavanivpsychoterapii.cz\/#organization","name":"Psychoterapie traumatu","url":"https:\/\/www.vzdelavanivpsychoterapii.cz\/","logo":{"@type":"ImageObject","inLanguage":"cs","@id":"https:\/\/www.vzdelavanivpsychoterapii.cz\/#\/schema\/logo\/image\/","url":"https:\/\/www.vzdelavanivpsychoterapii.cz\/wp-content\/uploads\/2023\/09\/VP-5.png","contentUrl":"https:\/\/www.vzdelavanivpsychoterapii.cz\/wp-content\/uploads\/2023\/09\/VP-5.png","width":500,"height":500,"caption":"Psychoterapie traumatu"},"image":{"@id":"https:\/\/www.vzdelavanivpsychoterapii.cz\/#\/schema\/logo\/image\/"},"sameAs":["https:\/\/www.facebook.com\/profile.php?id=100089180415426"]}]}},"_links":{"self":[{"href":"https:\/\/www.vzdelavanivpsychoterapii.cz\/index.php?rest_route=\/wp\/v2\/pages\/88","targetHints":{"allow":["GET"]}}],"collection":[{"href":"https:\/\/www.vzdelavanivpsychoterapii.cz\/index.php?rest_route=\/wp\/v2\/pages"}],"about":[{"href":"https:\/\/www.vzdelavanivpsychoterapii.cz\/index.php?rest_route=\/wp\/v2\/types\/page"}],"author":[{"embeddable":true,"href":"https:\/\/www.vzdelavanivpsychoterapii.cz\/index.php?rest_route=\/wp\/v2\/users\/1"}],"replies":[{"embeddable":true,"href":"https:\/\/www.vzdelavanivpsychoterapii.cz\/index.php?rest_route=%2Fwp%2Fv2%2Fcomments&post=88"}],"version-history":[{"count":117,"href":"https:\/\/www.vzdelavanivpsychoterapii.cz\/index.php?rest_route=\/wp\/v2\/pages\/88\/revisions"}],"predecessor-version":[{"id":638,"href":"https:\/\/www.vzdelavanivpsychoterapii.cz\/index.php?rest_route=\/wp\/v2\/pages\/88\/revisions\/638"}],"wp:attachment":[{"href":"https:\/\/www.vzdelavanivpsychoterapii.cz\/index.php?rest_route=%2Fwp%2Fv2%2Fmedia&parent=88"}],"curies":[{"name":"wp","href":"https:\/\/api.w.org\/{rel}","templated":true}]}}