{"id":501,"date":"2024-05-19T09:08:51","date_gmt":"2024-05-19T09:08:51","guid":{"rendered":"https:\/\/www.vzdelavanivpsychoterapii.cz\/?page_id=501"},"modified":"2025-05-06T10:14:13","modified_gmt":"2025-05-06T10:14:13","slug":"navazujici-seminare","status":"publish","type":"page","link":"https:\/\/www.vzdelavanivpsychoterapii.cz\/?page_id=501","title":{"rendered":"Navazuj\u00edc\u00ed semin\u00e1\u0159e"},"content":{"rendered":"<p>[et_pb_section fb_built=&#8220;1&#8243; admin_label=&#8220;Hero&#8220; _builder_version=&#8220;4.22.2&#8243; custom_padding=&#8220;0|0px|4px|0px|false|false&#8220; bottom_divider_height=&#8220;0px&#8220; border_width_bottom=&#8220;1px&#8220; border_color_bottom=&#8220;#efefef&#8220; global_colors_info=&#8220;{}&#8220;][et_pb_row column_structure=&#8220;1_2,1_2&#8243; _builder_version=&#8220;4.22.2&#8243; background_color=&#8220;rgba(0,0,0,0.11)&#8220; width=&#8220;100%&#8220; max_width=&#8220;100%&#8220; custom_margin=&#8220;|auto|-8px|auto||&#8220; custom_margin_tablet=&#8220;||0px|&#8220; custom_margin_phone=&#8220;&#8220; custom_margin_last_edited=&#8220;on|desktop&#8220; custom_padding=&#8220;0|0px|27px|0px|false|false&#8220; use_custom_width=&#8220;on&#8220; width_unit=&#8220;off&#8220; custom_width_percent=&#8220;100%&#8220; global_colors_info=&#8220;{}&#8220;][et_pb_column type=&#8220;1_2&#8243; _builder_version=&#8220;4.22.2&#8243; custom_padding=&#8220;6%||6%|12%&#8220; custom_padding_tablet=&#8220;50px|50px|50px|50px&#8220; custom_padding_phone=&#8220;50px|50px|50px|50px&#8220; custom_padding_last_edited=&#8220;on|tablet&#8220; global_colors_info=&#8220;{}&#8220; padding_tablet=&#8220;50px|50px|50px|50px&#8220; padding_last_edited=&#8220;on|tablet&#8220; custom_padding__hover=&#8220;|||&#8220; padding_phone=&#8220;50px|50px|50px|50px&#8220;][et_pb_text _builder_version=&#8220;4.25.1&#8243; text_font=&#8220;|300|||||||&#8220; text_text_color=&#8220;#677a92&#8243; text_font_size=&#8220;16px&#8220; text_line_height=&#8220;1.8em&#8220; header_font=&#8220;||||||||&#8220; header_font_size=&#8220;50px&#8220; header_line_height=&#8220;1.3em&#8220; header_2_font=&#8220;||||||||&#8220; max_width=&#8220;600px&#8220; custom_margin=&#8220;|||&#8220; custom_margin_tablet=&#8220;0px|50px||50px&#8220; custom_margin_phone=&#8220;|20px||&#8220; custom_margin_last_edited=&#8220;off|desktop&#8220; custom_padding=&#8220;|||&#8220; text_line_height_tablet=&#8220;1.8em&#8220; text_line_height_phone=&#8220;1.8em&#8220; text_line_height_last_edited=&#8220;on|phone&#8220; header_font_size_tablet=&#8220;&#8220; header_font_size_phone=&#8220;36px&#8220; header_font_size_last_edited=&#8220;on|phone&#8220; header_2_font_size_phone=&#8220;30px&#8220; header_2_font_size_last_edited=&#8220;off|desktop&#8220; locked=&#8220;off&#8220; global_colors_info=&#8220;{}&#8220;]<\/p>\n<h1>Navazuj\u00edc\u00ed semin\u00e1\u0159e<\/h1>\n<p>[\/et_pb_text][et_pb_divider _builder_version=&#8220;4.25.1&#8243; _module_preset=&#8220;default&#8220; global_colors_info=&#8220;{}&#8220;][\/et_pb_divider][et_pb_text _builder_version=&#8220;4.25.1&#8243; text_font=&#8220;|300|||||||&#8220; text_font_size=&#8220;16px&#8220; text_line_height=&#8220;2em&#8220; link_font=&#8220;||||||||&#8220; ul_font=&#8220;||||||||&#8220; ol_font=&#8220;||||||||&#8220; quote_font=&#8220;||||||||&#8220; header_font=&#8220;||||||||&#8220; header_2_font=&#8220;|300|||||||&#8220; header_2_text_align=&#8220;left&#8220; header_2_text_color=&#8220;#000000&#8243; header_2_font_size=&#8220;40px&#8220; header_2_line_height=&#8220;1.5em&#8220; max_width=&#8220;600px&#8220; custom_margin=&#8220;|||&#8220; custom_margin_tablet=&#8220;0px|50px||50px&#8220; custom_margin_last_edited=&#8220;off|desktop&#8220; custom_padding=&#8220;|||&#8220; locked=&#8220;off&#8220; global_colors_info=&#8220;{}&#8220;]<\/p>\n<h1><strong>Fenom\u00e9n t\u011bla v psychoterapii traumatu<\/strong><\/h1>\n<p>[\/et_pb_text][et_pb_text _builder_version=&#8220;4.25.1&#8243; text_font=&#8220;Montserrat|300|||||||&#8220; text_font_size=&#8220;16px&#8220; text_line_height=&#8220;2em&#8220; link_font=&#8220;||||||||&#8220; ul_font=&#8220;||||||||&#8220; ol_font=&#8220;||||||||&#8220; quote_font=&#8220;||||||||&#8220; header_font=&#8220;||||||||&#8220; header_2_font=&#8220;Montserrat|300|||||||&#8220; header_2_text_color=&#8220;#212d3b&#8220; header_2_font_size=&#8220;40px&#8220; header_2_line_height=&#8220;1.5em&#8220; max_width=&#8220;600px&#8220; custom_margin=&#8220;|||&#8220; custom_margin_tablet=&#8220;0px|50px||50px&#8220; custom_margin_last_edited=&#8220;off|desktop&#8220; custom_padding=&#8220;|||&#8220; locked=&#8220;off&#8220; global_colors_info=&#8220;{}&#8220;]<\/p>\n<ul>\n<li>\n<p>Dvoudenn\u00ed setk\u00e1n\u00ed ur\u010den\u00e9 pro absolventy semin\u00e1\u0159\u016f Psychoterapie traumatu.<\/p>\n<\/li>\n<li>\n<p>Voln\u011b navazuje a rozv\u00edj\u00ed uveden\u00ed do t\u00e9matu pr\u00e1ce s\u00a0t\u011blem.<\/p>\n<\/li>\n<li>\n<p>Nab\u00edz\u00edme prostor pro spole\u010dn\u00e9 zkoum\u00e1n\u00ed t\u011blov\u00fdch v\u00fdznam\u016f, pro\u017e\u00edv\u00e1n\u00ed, impulz\u016f a posilov\u00e1n\u00ed potenci\u00e1l\u016f t\u011bla p\u0159i l\u00e9\u010den\u00ed traumatick\u00fdch otisk\u016f.<\/p>\n<\/li>\n<li>\n<p>Budeme propojovat teoretick\u00e9 r\u00e1mce s\u00a0prax\u00ed, vlastn\u00edmi z\u00e1\u017eitky a integrac\u00ed.<\/p>\n<p>T\u011b\u0161\u00edme se na spole\u010dn\u00e9 putov\u00e1n\u00ed.<\/p>\n<\/li>\n<\/ul>\n<p>[\/et_pb_text][\/et_pb_column][et_pb_column type=&#8220;1_2&#8243; _builder_version=&#8220;4.16&#8243; custom_padding=&#8220;|||&#8220; global_colors_info=&#8220;{}&#8220; custom_padding__hover=&#8220;|||&#8220;][et_pb_image src=&#8220;https:\/\/www.vzdelavanivpsychoterapii.cz\/wp-content\/uploads\/2024\/05\/P1011797-scaled-e1716107528325.jpg&#8220; title_text=&#8220;P1011797&#8243; force_fullwidth=&#8220;on&#8220; align_tablet=&#8220;center&#8220; align_phone=&#8220;center&#8220; align_last_edited=&#8220;on|desktop&#8220; _builder_version=&#8220;4.25.1&#8243; custom_margin=&#8220;|||&#8220; custom_padding=&#8220;|||&#8220; animation_style=&#8220;slide&#8220; animation_direction=&#8220;right&#8220; animation_intensity_slide=&#8220;5%&#8220; border_radii=&#8220;||||30vw&#8220; border_color_all=&#8220;#0ee1f4&#8243; border_width_left=&#8220;2vw&#8220; border_color_left=&#8220;#37dfff&#8220; box_shadow_style=&#8220;preset4&#8243; box_shadow_horizontal=&#8220;-30px&#8220; box_shadow_vertical=&#8220;0px&#8220; box_shadow_color=&#8220;rgba(14,225,244,0.33)&#8220; global_colors_info=&#8220;{}&#8220;][\/et_pb_image][\/et_pb_column][\/et_pb_row][\/et_pb_section][et_pb_section fb_built=&#8220;1&#8243; _builder_version=&#8220;4.25.1&#8243; _module_preset=&#8220;default&#8220; background_enable_color=&#8220;off&#8220; use_background_color_gradient=&#8220;on&#8220; background_color_gradient_stops=&#8220;rgba(49,128,192,0.2) 0%|rgba(49,128,192,0.6) 100%&#8220; background_color_gradient_overlays_image=&#8220;on&#8220; background_color_gradient_start=&#8220;rgba(49,128,192,0.2)&#8220; background_color_gradient_end=&#8220;rgba(49,128,192,0.6)&#8220; global_colors_info=&#8220;{}&#8220;][et_pb_row column_structure=&#8220;3_5,2_5&#8243; _builder_version=&#8220;4.22.1&#8243; _module_preset=&#8220;default&#8220; global_colors_info=&#8220;{}&#8220;][et_pb_column type=&#8220;3_5&#8243; _builder_version=&#8220;4.22.1&#8243; _module_preset=&#8220;default&#8220; global_colors_info=&#8220;{}&#8220;][et_pb_text _builder_version=&#8220;4.27.4&#8243; _module_preset=&#8220;default&#8220; global_colors_info=&#8220;{}&#8220;]<\/p>\n<h3><strong>Term\u00edny navazuj\u00edc\u00edch dvoudenn\u00edch semin\u00e1\u0159\u016f:<\/strong><\/h3>\n<ul>\n<li>Fenom\u00e9n t\u011bla v psychoterapii traumatu 11. 11. &#8211; 12. 11. 2025<\/li>\n<li>Fenom\u00e9n t\u011bla v psychoterapii traumatu 19. 5. &#8211; 20. 5. 2026<\/li>\n<\/ul>\n<p>[\/et_pb_text][et_pb_text _builder_version=&#8220;4.27.4&#8243; _module_preset=&#8220;default&#8220; text_font=&#8220;&#8211;et_global_body_font||||||||&#8220; hover_enabled=&#8220;0&#8243; sticky_enabled=&#8220;0&#8243; header_3_font=&#8220;&#8211;et_global_body_font||||||||&#8220;]<\/p>\n<h5><strong>Semin\u00e1\u0159em &#8222;Fenom\u00e9n t\u011bla v psychoterapii&#8220; 19. 5. &#8211; 20.5. 2026&#8243; bude cel\u00fd projekt &#8222;Psychoterapie traumatu&#8220; zakon\u010den.<\/strong><\/h5>\n<p>[\/et_pb_text][\/et_pb_column][et_pb_column type=&#8220;2_5&#8243; _builder_version=&#8220;4.22.1&#8243; _module_preset=&#8220;default&#8220; global_colors_info=&#8220;{}&#8220;][et_pb_text _builder_version=&#8220;4.25.1&#8243; _module_preset=&#8220;default&#8220; global_colors_info=&#8220;{}&#8220;]<\/p>\n<h3><strong>Cena:<\/strong><\/h3>\n<ul>\n<li>cena za dvoudenn\u00ed semin\u00e1\u0159 je 5 000,- k\u010d<\/li>\n<\/ul>\n<p>[\/et_pb_text][\/et_pb_column][\/et_pb_row][\/et_pb_section][et_pb_section fb_built=&#8220;1&#8243; _builder_version=&#8220;4.22.1&#8243; _module_preset=&#8220;default&#8220; global_colors_info=&#8220;{}&#8220;][et_pb_row column_structure=&#8220;2_3,1_3&#8243; _builder_version=&#8220;4.22.1&#8243; _module_preset=&#8220;default&#8220; global_colors_info=&#8220;{}&#8220;][et_pb_column type=&#8220;2_3&#8243; _builder_version=&#8220;4.22.1&#8243; _module_preset=&#8220;default&#8220; global_colors_info=&#8220;{}&#8220;][et_pb_text _builder_version=&#8220;4.27.0&#8243; _module_preset=&#8220;default&#8220; global_colors_info=&#8220;{}&#8220;]<\/p>\n<h3><strong>O semin\u00e1\u0159\u00edch:<\/strong><\/h3>\n<p><strong>Skupina:<\/strong> maxim\u00e1ln\u011b 20 \u00fa\u010dastn\u00edk\u016f<\/p>\n<p><strong>Lekto\u0159i:<\/strong> <span style=\"text-decoration: underline;\"><span style=\"color: #000000; text-decoration: underline;\"><a href=\"https:\/\/www.petrodstrcil.cz\/\" style=\"color: #000000; text-decoration: underline;\" target=\"_blank\" rel=\"noopener\">Mgr. Petr Odstr\u010dil<\/a><\/span><\/span> a<span style=\"text-decoration: underline; color: #000000;\"> <a href=\"https:\/\/www.vzdelavanivpsychoterapii.cz\/?page_id=189(otev\u0159e%20se na nov\u00e9 z\u00e1lo\u017ece)\" style=\"color: #000000; text-decoration: underline;\"><span>PhDr<\/span>. Veronika Pinkasov\u00e1<\/a><\/span><\/p>\n<p><strong>M\u00edsto kon\u00e1n\u00ed:<\/strong> <span style=\"text-decoration: underline;\"><span style=\"color: #333333;\"><a href=\"https:\/\/www.modry-klic.cz\/\" style=\"color: #333333; text-decoration: underline;\" target=\"_blank\" rel=\"noopener\">Modr\u00fd kl\u00ed\u010d, Smolkova 567, Praha 12<\/a><\/span><\/span><\/p>\n<p><strong>\u010cas:<\/strong> v\u017edy 9:00 &#8211; 17:00<\/p>\n<p><strong>S organizac\u00ed n\u00e1m pom\u00e1h\u00e1:<\/strong> Kate\u0159ina \u0160afr\u00e1nkov\u00e1<\/p>\n<p><strong>Tel:<\/strong> 777 818 448<\/p>\n<p><strong>Mail:<\/strong> <span style=\"text-decoration: underline;\"><span style=\"color: #333333;\"><a href=\"mailto:aqeduct.secretatiat@gmail.com\" style=\"color: #333333; text-decoration: underline;\">vzdelavanivpsychoterapii@gmail.com<\/a><\/span><\/span><\/p>\n<p><span style=\"text-decoration: underline; color: #333333;\"><a href=\"https:\/\/www.facebook.com\/profile.php?id=100089180415426\" style=\"color: #333333;\"><strong>Facebook<\/strong><\/a><\/span><\/p>\n<p><strong>Pro \u00fa\u010dast na navazuj\u00edc\u00edm semin\u00e1\u0159i je zapot\u0159eb\u00ed absolvovat semin\u00e1\u0159 &#8222;\u00davod do psychoterapie traumatu&#8220;<\/strong><\/p>\n<p><strong>P\u0159ihl\u00e1\u0161en\u00ed se st\u00e1v\u00e1 z\u00e1vazn\u00fdm v okam\u017eiku p\u0159ips\u00e1n\u00ed platby na n\u00e1\u0161 \u00fa\u010det.<\/strong><\/p>\n<p>[\/et_pb_text][\/et_pb_column][et_pb_column type=&#8220;1_3&#8243; _builder_version=&#8220;4.22.1&#8243; _module_preset=&#8220;default&#8220; global_colors_info=&#8220;{}&#8220;][et_pb_text _builder_version=&#8220;4.22.2&#8243; _module_preset=&#8220;default&#8220; global_colors_info=&#8220;{}&#8220;]<\/p>\n<h3><strong>Storno podm\u00ednky:<\/strong><\/h3>\n<p>Pokud zru\u0161\u00edte svoj\u00ed \u00fa\u010dast v\u00edce ne\u017e 14 kalend\u00e1\u0159n\u00edch p\u0159ed kon\u00e1n\u00edm akce, storno poplatek ne\u00fa\u010dtujeme.<\/p>\n<p>Od 14 kalend\u00e1\u0159n\u00edch dn\u00ed p\u0159ed kon\u00e1n\u00edm akce \u010din\u00ed storno poplatek 50% z celkov\u00e9 ceny semin\u00e1\u0159e.<\/p>\n<p>Storno poplatek ne\u00fa\u010dtujeme v p\u0159\u00edpad\u011b, \u017ee \u00fa\u010dastn\u00edk za sebe najde n\u00e1hradu.<\/p>\n<p>D\u011bkujeme za pochopen\u00ed<\/p>\n<p>[\/et_pb_text][\/et_pb_column][\/et_pb_row][\/et_pb_section][et_pb_section fb_built=&#8220;1&#8243; admin_label=&#8220;Doctors&#8220; _builder_version=&#8220;4.22.2&#8243; background_color=&#8220;rgba(0,0,0,0.25)&#8220; custom_padding=&#8220;37px|0px|37px|0px|true|false&#8220; global_colors_info=&#8220;{}&#8220;][et_pb_row column_structure=&#8220;1_3,1_3,1_3&#8243; admin_label=&#8220;Content Are One&#8220; _builder_version=&#8220;4.16&#8243; locked=&#8220;off&#8220; global_colors_info=&#8220;{}&#8220;][et_pb_column type=&#8220;1_3&#8243; _builder_version=&#8220;4.16&#8243; custom_padding=&#8220;|||&#8220; global_colors_info=&#8220;{}&#8220; custom_padding__hover=&#8220;|||&#8220;][et_pb_heading title=&#8220;Lekto\u0159i semin\u00e1\u0159\u016f Psychoterapie traumatu&#8220; _builder_version=&#8220;4.22.1&#8243; _module_preset=&#8220;default&#8220; title_text_align=&#8220;right&#8220; title_line_height=&#8220;1.2em&#8220; global_colors_info=&#8220;{}&#8220;][\/et_pb_heading][et_pb_divider show_divider=&#8220;off&#8220; _builder_version=&#8220;4.22.1&#8243; _module_preset=&#8220;default&#8220; min_height=&#8220;49.8px&#8220; global_colors_info=&#8220;{}&#8220;][\/et_pb_divider][\/et_pb_column][et_pb_column type=&#8220;1_3&#8243; _builder_version=&#8220;4.16&#8243; custom_padding=&#8220;|||&#8220; global_colors_info=&#8220;{}&#8220; custom_padding__hover=&#8220;|||&#8220;][et_pb_image src=&#8220;https:\/\/www.vzdelavanivpsychoterapii.cz\/wp-content\/uploads\/2023\/09\/Petr-7-scaled-e1694352367501.jpg&#8220; title_text=&#8220;Petr 7&#8243; show_bottom_space=&#8220;off&#8220; force_fullwidth=&#8220;on&#8220; align_tablet=&#8220;center&#8220; align_phone=&#8220;center&#8220; align_last_edited=&#8220;on|desktop&#8220; _builder_version=&#8220;4.22.1&#8243; animation_style=&#8220;slide&#8220; animation_direction=&#8220;bottom&#8220; animation_delay=&#8220;100ms&#8220; animation_intensity_slide=&#8220;12%&#8220; border_radii=&#8220;|25px|25px||&#8220; locked=&#8220;off&#8220; global_colors_info=&#8220;{}&#8220;][\/et_pb_image][et_pb_cta title=&#8220;Mgr. Petr Odstr\u010dil&#8220; button_url=&#8220;https:\/\/www.vzdelavanivpsychoterapii.cz\/?page_id=110(otev\u0159e%20se%20na%20nov\u00e9%20z\u00e1lo\u017ece)&#8220; button_text=&#8220;v\u00edce informac\u00ed&#8220; _builder_version=&#8220;4.22.1&#8243; header_level=&#8220;h3&#8243; header_font=&#8220;||||||||&#8220; header_line_height=&#8220;1.5em&#8220; body_font=&#8220;Montserrat|300|||||||&#8220; body_text_align=&#8220;left&#8220; body_font_size=&#8220;15px&#8220; body_line_height=&#8220;1.8em&#8220; background_color=&#8220;#ffffff&#8220; custom_button=&#8220;on&#8220; button_text_size=&#8220;14px&#8220; button_text_color=&#8220;#48d14c&#8220; button_bg_color=&#8220;rgba(0,0,0,0.05)&#8220; button_border_width=&#8220;0px&#8220; button_border_radius=&#8220;100px&#8220; button_letter_spacing=&#8220;1px&#8220; button_font=&#8220;Montserrat||||||||&#8220; button_use_icon=&#8220;off&#8220; background_layout=&#8220;light&#8220; custom_padding=&#8220;30px|30px|30px|30px|true|true&#8220; animation_direction=&#8220;top&#8220; link_option_url=&#8220;https:\/\/www.vzdelavanivpsychoterapii.cz\/?page_id=110&#8243; border_radii=&#8220;|||25px|25px&#8220; box_shadow_style=&#8220;preset3&#8243; box_shadow_vertical=&#8220;30px&#8220; box_shadow_blur=&#8220;50px&#8220; box_shadow_spread=&#8220;-30px&#8220; box_shadow_color=&#8220;rgba(0,0,0,0.1)&#8220; button_text_color_hover=&#8220;#ffffff&#8220; button_bg_color_hover=&#8220;#48d14c&#8220; locked=&#8220;off&#8220; global_colors_info=&#8220;{}&#8220; button_text_size__hover_enabled=&#8220;off&#8220; button_one_text_size__hover_enabled=&#8220;off&#8220; button_two_text_size__hover_enabled=&#8220;off&#8220; button_text_color__hover_enabled=&#8220;on&#8220; button_text_color__hover=&#8220;#ffffff&#8220; button_one_text_color__hover_enabled=&#8220;off&#8220; button_two_text_color__hover_enabled=&#8220;off&#8220; button_border_width__hover_enabled=&#8220;off&#8220; button_one_border_width__hover_enabled=&#8220;off&#8220; button_two_border_width__hover_enabled=&#8220;off&#8220; button_border_color__hover_enabled=&#8220;off&#8220; button_one_border_color__hover_enabled=&#8220;off&#8220; button_two_border_color__hover_enabled=&#8220;off&#8220; button_border_radius__hover_enabled=&#8220;off&#8220; button_one_border_radius__hover_enabled=&#8220;off&#8220; button_two_border_radius__hover_enabled=&#8220;off&#8220; button_letter_spacing__hover_enabled=&#8220;off&#8220; button_one_letter_spacing__hover_enabled=&#8220;off&#8220; button_two_letter_spacing__hover_enabled=&#8220;off&#8220; button_bg_color__hover_enabled=&#8220;on&#8220; button_bg_color__hover=&#8220;#48d14c&#8220; button_one_bg_color__hover_enabled=&#8220;off&#8220; button_two_bg_color__hover_enabled=&#8220;off&#8220;]<\/p>\n<p>Psychoterapeut, supervizor a lektor psychoterapeutick\u00fdch v\u00fdcvik\u016f a postgradu\u00e1ln\u00edho vzd\u011bl\u00e1v\u00e1n\u00ed.<\/p>\n<p>[\/et_pb_cta][\/et_pb_column][et_pb_column type=&#8220;1_3&#8243; _builder_version=&#8220;4.16&#8243; custom_padding=&#8220;|||&#8220; global_colors_info=&#8220;{}&#8220; custom_padding__hover=&#8220;|||&#8220;][et_pb_image src=&#8220;https:\/\/www.vzdelavanivpsychoterapii.cz\/wp-content\/uploads\/2023\/09\/Veronika-Pinkasova-e1694352178569.jpg&#8220; alt=&#8220;o\u0159\u00edznut\u00fd&#8220; title_text=&#8220;Veronika Pinkasova\u0301&#8220; show_bottom_space=&#8220;off&#8220; force_fullwidth=&#8220;on&#8220; align_tablet=&#8220;center&#8220; align_phone=&#8220;center&#8220; align_last_edited=&#8220;on|desktop&#8220; _builder_version=&#8220;4.22.1&#8243; animation_style=&#8220;slide&#8220; animation_direction=&#8220;bottom&#8220; animation_delay=&#8220;200ms&#8220; animation_intensity_slide=&#8220;12%&#8220; border_radii=&#8220;|25px|25px||&#8220; locked=&#8220;off&#8220; global_colors_info=&#8220;{}&#8220;][\/et_pb_image][et_pb_cta title=&#8220;PhDr. Veronika Pinkasov\u00e1&#8220; button_url=&#8220;https:\/\/www.vzdelavanivpsychoterapii.cz\/?page_id=189&#8243; button_text=&#8220;v\u00edce informac\u00ed&#8220; _builder_version=&#8220;4.23.1&#8243; header_level=&#8220;h3&#8243; header_font=&#8220;||||||||&#8220; header_line_height=&#8220;1.5em&#8220; body_font=&#8220;Montserrat|300|||||||&#8220; body_text_align=&#8220;left&#8220; body_font_size=&#8220;15px&#8220; body_line_height=&#8220;1.8em&#8220; background_color=&#8220;#ffffff&#8220; custom_button=&#8220;on&#8220; button_text_size=&#8220;14px&#8220; button_text_color=&#8220;#48d14c&#8220; button_bg_color=&#8220;rgba(0,0,0,0.05)&#8220; button_border_width=&#8220;0px&#8220; button_border_radius=&#8220;100px&#8220; button_letter_spacing=&#8220;1px&#8220; button_font=&#8220;Montserrat||||||||&#8220; button_use_icon=&#8220;off&#8220; background_layout=&#8220;light&#8220; custom_padding=&#8220;30px|30px|30px|30px|true|true&#8220; animation_direction=&#8220;top&#8220; border_radii=&#8220;|||25px|25px&#8220; box_shadow_style=&#8220;preset3&#8243; box_shadow_vertical=&#8220;30px&#8220; box_shadow_blur=&#8220;50px&#8220; box_shadow_spread=&#8220;-30px&#8220; box_shadow_color=&#8220;rgba(0,0,0,0.1)&#8220; button_text_color_hover=&#8220;#ffffff&#8220; button_bg_color_hover=&#8220;#48d14c&#8220; locked=&#8220;off&#8220; global_colors_info=&#8220;{}&#8220; button_text_size__hover_enabled=&#8220;off&#8220; button_one_text_size__hover_enabled=&#8220;off&#8220; button_two_text_size__hover_enabled=&#8220;off&#8220; button_text_color__hover_enabled=&#8220;on&#8220; button_text_color__hover=&#8220;#ffffff&#8220; button_one_text_color__hover_enabled=&#8220;off&#8220; button_two_text_color__hover_enabled=&#8220;off&#8220; button_border_width__hover_enabled=&#8220;off&#8220; button_one_border_width__hover_enabled=&#8220;off&#8220; button_two_border_width__hover_enabled=&#8220;off&#8220; button_border_color__hover_enabled=&#8220;off&#8220; button_one_border_color__hover_enabled=&#8220;off&#8220; button_two_border_color__hover_enabled=&#8220;off&#8220; button_border_radius__hover_enabled=&#8220;off&#8220; button_one_border_radius__hover_enabled=&#8220;off&#8220; button_two_border_radius__hover_enabled=&#8220;off&#8220; button_letter_spacing__hover_enabled=&#8220;off&#8220; button_one_letter_spacing__hover_enabled=&#8220;off&#8220; button_two_letter_spacing__hover_enabled=&#8220;off&#8220; button_bg_color__hover_enabled=&#8220;on&#8220; button_bg_color__hover=&#8220;#48d14c&#8220; button_one_bg_color__hover_enabled=&#8220;off&#8220; button_two_bg_color__hover_enabled=&#8220;off&#8220;]<\/p>\n<p>Psychoterapeutka, lektorka kurz\u016f krizov\u00e9 intervence a postgradu\u00e1ln\u00edho vzd\u011bl\u00e1v\u00e1n\u00ed.<\/p>\n<p>[\/et_pb_cta][\/et_pb_column][\/et_pb_row][\/et_pb_section][et_pb_section fb_built=&#8220;1&#8243; custom_padding_last_edited=&#8220;on|phone&#8220; admin_label=&#8220;Contact Form&#8220; _builder_version=&#8220;4.16&#8243; use_background_color_gradient=&#8220;on&#8220; background_color_gradient_stops=&#8220;rgba(49,128,192,0.2) 0%|rgba(49,128,192,0.6) 100%&#8220; background_color_gradient_overlays_image=&#8220;on&#8220; background_color_gradient_start=&#8220;rgba(49,128,192,0.2)&#8220; background_color_gradient_end=&#8220;rgba(49,128,192,0.6)&#8220; background_image=&#8220;https:\/\/www.vzdelavanivpsychoterapii.cz\/wp-content\/uploads\/2023\/09\/doctor-12.jpg&#8220; custom_margin=&#8220;|20px||&#8220; custom_padding=&#8220;100px||100px||true|false&#8220; custom_padding_tablet=&#8220;100px||100px|&#8220; custom_padding_phone=&#8220;|||&#8220; animation_style=&#8220;slide&#8220; animation_direction=&#8220;top&#8220; animation_intensity_slide=&#8220;5%&#8220; animation_starting_opacity=&#8220;100%&#8220; border_radii=&#8220;|||30vw|&#8220; border_color_all=&#8220;#0ee1f4&#8243; border_width_right=&#8220;2vw&#8220; box_shadow_style=&#8220;preset4&#8243; box_shadow_horizontal=&#8220;20px&#8220; box_shadow_vertical=&#8220;0px&#8220; box_shadow_color=&#8220;rgba(14,225,244,0.33)&#8220; global_colors_info=&#8220;{}&#8220;][et_pb_row _builder_version=&#8220;4.22.1&#8243; _module_preset=&#8220;default&#8220; global_colors_info=&#8220;{}&#8220;][et_pb_column type=&#8220;4_4&#8243; _builder_version=&#8220;4.22.1&#8243; _module_preset=&#8220;default&#8220; global_colors_info=&#8220;{}&#8220;][et_pb_heading title=&#8220;P\u0159ihla\u0161ovac\u00ed formul\u00e1\u0159 na navazuj\u00edc\u00ed semin\u00e1\u0159e&#8220; _builder_version=&#8220;4.25.1&#8243; _module_preset=&#8220;default&#8220; global_colors_info=&#8220;{}&#8220;][\/et_pb_heading][wpforms_selector form_id=&#8220;520&#8243; _builder_version=&#8220;4.25.1&#8243; _module_preset=&#8220;default&#8220; global_colors_info=&#8220;{}&#8220;][\/wpforms_selector][\/et_pb_column][\/et_pb_row][\/et_pb_section]<\/p>\n","protected":false},"excerpt":{"rendered":"<p>Navazuj\u00edc\u00ed semin\u00e1\u0159eFenom\u00e9n t\u011bla v psychoterapii traumatu Dvoudenn\u00ed setk\u00e1n\u00ed ur\u010den\u00e9 pro absolventy semin\u00e1\u0159\u016f Psychoterapie traumatu. Voln\u011b navazuje a rozv\u00edj\u00ed uveden\u00ed do t\u00e9matu pr\u00e1ce s\u00a0t\u011blem. Nab\u00edz\u00edme prostor pro spole\u010dn\u00e9 zkoum\u00e1n\u00ed t\u011blov\u00fdch v\u00fdznam\u016f, pro\u017e\u00edv\u00e1n\u00ed, impulz\u016f a posilov\u00e1n\u00ed potenci\u00e1l\u016f t\u011bla p\u0159i l\u00e9\u010den\u00ed traumatick\u00fdch otisk\u016f. Budeme propojovat teoretick\u00e9 r\u00e1mce s\u00a0prax\u00ed, vlastn\u00edmi z\u00e1\u017eitky a integrac\u00ed. T\u011b\u0161\u00edme se na spole\u010dn\u00e9 putov\u00e1n\u00ed. Term\u00edny [&hellip;]<\/p>\n","protected":false},"author":1,"featured_media":0,"parent":0,"menu_order":0,"comment_status":"closed","ping_status":"closed","template":"","meta":{"_et_pb_use_builder":"on","_et_pb_old_content":"","_et_gb_content_width":"","footnotes":""},"class_list":["post-501","page","type-page","status-publish","hentry"],"yoast_head":"<!-- This site is optimized with the Yoast SEO plugin v21.3 - https:\/\/yoast.com\/wordpress\/plugins\/seo\/ -->\n<title>Navazuj\u00edc\u00ed semin\u00e1\u0159e - Psychoterapie traumatu<\/title>\n<meta name=\"robots\" content=\"index, follow, max-snippet:-1, max-image-preview:large, max-video-preview:-1\" \/>\n<link rel=\"canonical\" href=\"https:\/\/www.vzdelavanivpsychoterapii.cz\/?page_id=501\" \/>\n<meta property=\"og:locale\" content=\"cs_CZ\" \/>\n<meta property=\"og:type\" content=\"article\" \/>\n<meta property=\"og:title\" content=\"Navazuj\u00edc\u00ed semin\u00e1\u0159e - Psychoterapie traumatu\" \/>\n<meta property=\"og:description\" content=\"Navazuj\u00edc\u00ed semin\u00e1\u0159eFenom\u00e9n t\u011bla v psychoterapii traumatu Dvoudenn\u00ed setk\u00e1n\u00ed ur\u010den\u00e9 pro absolventy semin\u00e1\u0159\u016f Psychoterapie traumatu. Voln\u011b navazuje a rozv\u00edj\u00ed uveden\u00ed do t\u00e9matu pr\u00e1ce s\u00a0t\u011blem. Nab\u00edz\u00edme prostor pro spole\u010dn\u00e9 zkoum\u00e1n\u00ed t\u011blov\u00fdch v\u00fdznam\u016f, pro\u017e\u00edv\u00e1n\u00ed, impulz\u016f a posilov\u00e1n\u00ed potenci\u00e1l\u016f t\u011bla p\u0159i l\u00e9\u010den\u00ed traumatick\u00fdch otisk\u016f. Budeme propojovat teoretick\u00e9 r\u00e1mce s\u00a0prax\u00ed, vlastn\u00edmi z\u00e1\u017eitky a integrac\u00ed. T\u011b\u0161\u00edme se na spole\u010dn\u00e9 putov\u00e1n\u00ed. Term\u00edny [&hellip;]\" \/>\n<meta property=\"og:url\" content=\"https:\/\/www.vzdelavanivpsychoterapii.cz\/?page_id=501\" \/>\n<meta property=\"og:site_name\" content=\"Psychoterapie traumatu\" \/>\n<meta property=\"article:publisher\" content=\"https:\/\/www.facebook.com\/profile.php?id=100089180415426\" \/>\n<meta property=\"article:modified_time\" content=\"2025-05-06T10:14:13+00:00\" \/>\n<meta name=\"twitter:card\" content=\"summary_large_image\" \/>\n<meta name=\"twitter:label1\" content=\"Odhadovan\u00e1 doba \u010dten\u00ed\" \/>\n\t<meta name=\"twitter:data1\" content=\"4 minuty\" \/>\n<script type=\"application\/ld+json\" class=\"yoast-schema-graph\">{\"@context\":\"https:\/\/schema.org\",\"@graph\":[{\"@type\":\"WebPage\",\"@id\":\"https:\/\/www.vzdelavanivpsychoterapii.cz\/?page_id=501\",\"url\":\"https:\/\/www.vzdelavanivpsychoterapii.cz\/?page_id=501\",\"name\":\"Navazuj\u00edc\u00ed semin\u00e1\u0159e - Psychoterapie traumatu\",\"isPartOf\":{\"@id\":\"https:\/\/www.vzdelavanivpsychoterapii.cz\/#website\"},\"datePublished\":\"2024-05-19T09:08:51+00:00\",\"dateModified\":\"2025-05-06T10:14:13+00:00\",\"breadcrumb\":{\"@id\":\"https:\/\/www.vzdelavanivpsychoterapii.cz\/?page_id=501#breadcrumb\"},\"inLanguage\":\"cs\",\"potentialAction\":[{\"@type\":\"ReadAction\",\"target\":[\"https:\/\/www.vzdelavanivpsychoterapii.cz\/?page_id=501\"]}]},{\"@type\":\"BreadcrumbList\",\"@id\":\"https:\/\/www.vzdelavanivpsychoterapii.cz\/?page_id=501#breadcrumb\",\"itemListElement\":[{\"@type\":\"ListItem\",\"position\":1,\"name\":\"Dom\u016f\",\"item\":\"https:\/\/www.vzdelavanivpsychoterapii.cz\/\"},{\"@type\":\"ListItem\",\"position\":2,\"name\":\"Navazuj\u00edc\u00ed semin\u00e1\u0159e\"}]},{\"@type\":\"WebSite\",\"@id\":\"https:\/\/www.vzdelavanivpsychoterapii.cz\/#website\",\"url\":\"https:\/\/www.vzdelavanivpsychoterapii.cz\/\",\"name\":\"Psychoterapie traumatu\",\"description\":\"Postgradu\u00e1ln\u00ed semin\u00e1\u0159e\",\"publisher\":{\"@id\":\"https:\/\/www.vzdelavanivpsychoterapii.cz\/#organization\"},\"potentialAction\":[{\"@type\":\"SearchAction\",\"target\":{\"@type\":\"EntryPoint\",\"urlTemplate\":\"https:\/\/www.vzdelavanivpsychoterapii.cz\/?s={search_term_string}\"},\"query-input\":\"required name=search_term_string\"}],\"inLanguage\":\"cs\"},{\"@type\":\"Organization\",\"@id\":\"https:\/\/www.vzdelavanivpsychoterapii.cz\/#organization\",\"name\":\"Psychoterapie traumatu\",\"url\":\"https:\/\/www.vzdelavanivpsychoterapii.cz\/\",\"logo\":{\"@type\":\"ImageObject\",\"inLanguage\":\"cs\",\"@id\":\"https:\/\/www.vzdelavanivpsychoterapii.cz\/#\/schema\/logo\/image\/\",\"url\":\"https:\/\/www.vzdelavanivpsychoterapii.cz\/wp-content\/uploads\/2023\/09\/VP-5.png\",\"contentUrl\":\"https:\/\/www.vzdelavanivpsychoterapii.cz\/wp-content\/uploads\/2023\/09\/VP-5.png\",\"width\":500,\"height\":500,\"caption\":\"Psychoterapie traumatu\"},\"image\":{\"@id\":\"https:\/\/www.vzdelavanivpsychoterapii.cz\/#\/schema\/logo\/image\/\"},\"sameAs\":[\"https:\/\/www.facebook.com\/profile.php?id=100089180415426\"]}]}<\/script>\n<!-- \/ Yoast SEO plugin. -->","yoast_head_json":{"title":"Navazuj\u00edc\u00ed semin\u00e1\u0159e - Psychoterapie traumatu","robots":{"index":"index","follow":"follow","max-snippet":"max-snippet:-1","max-image-preview":"max-image-preview:large","max-video-preview":"max-video-preview:-1"},"canonical":"https:\/\/www.vzdelavanivpsychoterapii.cz\/?page_id=501","og_locale":"cs_CZ","og_type":"article","og_title":"Navazuj\u00edc\u00ed semin\u00e1\u0159e - Psychoterapie traumatu","og_description":"Navazuj\u00edc\u00ed semin\u00e1\u0159eFenom\u00e9n t\u011bla v psychoterapii traumatu Dvoudenn\u00ed setk\u00e1n\u00ed ur\u010den\u00e9 pro absolventy semin\u00e1\u0159\u016f Psychoterapie traumatu. Voln\u011b navazuje a rozv\u00edj\u00ed uveden\u00ed do t\u00e9matu pr\u00e1ce s\u00a0t\u011blem. Nab\u00edz\u00edme prostor pro spole\u010dn\u00e9 zkoum\u00e1n\u00ed t\u011blov\u00fdch v\u00fdznam\u016f, pro\u017e\u00edv\u00e1n\u00ed, impulz\u016f a posilov\u00e1n\u00ed potenci\u00e1l\u016f t\u011bla p\u0159i l\u00e9\u010den\u00ed traumatick\u00fdch otisk\u016f. Budeme propojovat teoretick\u00e9 r\u00e1mce s\u00a0prax\u00ed, vlastn\u00edmi z\u00e1\u017eitky a integrac\u00ed. T\u011b\u0161\u00edme se na spole\u010dn\u00e9 putov\u00e1n\u00ed. Term\u00edny [&hellip;]","og_url":"https:\/\/www.vzdelavanivpsychoterapii.cz\/?page_id=501","og_site_name":"Psychoterapie traumatu","article_publisher":"https:\/\/www.facebook.com\/profile.php?id=100089180415426","article_modified_time":"2025-05-06T10:14:13+00:00","twitter_card":"summary_large_image","twitter_misc":{"Odhadovan\u00e1 doba \u010dten\u00ed":"4 minuty"},"schema":{"@context":"https:\/\/schema.org","@graph":[{"@type":"WebPage","@id":"https:\/\/www.vzdelavanivpsychoterapii.cz\/?page_id=501","url":"https:\/\/www.vzdelavanivpsychoterapii.cz\/?page_id=501","name":"Navazuj\u00edc\u00ed semin\u00e1\u0159e - Psychoterapie traumatu","isPartOf":{"@id":"https:\/\/www.vzdelavanivpsychoterapii.cz\/#website"},"datePublished":"2024-05-19T09:08:51+00:00","dateModified":"2025-05-06T10:14:13+00:00","breadcrumb":{"@id":"https:\/\/www.vzdelavanivpsychoterapii.cz\/?page_id=501#breadcrumb"},"inLanguage":"cs","potentialAction":[{"@type":"ReadAction","target":["https:\/\/www.vzdelavanivpsychoterapii.cz\/?page_id=501"]}]},{"@type":"BreadcrumbList","@id":"https:\/\/www.vzdelavanivpsychoterapii.cz\/?page_id=501#breadcrumb","itemListElement":[{"@type":"ListItem","position":1,"name":"Dom\u016f","item":"https:\/\/www.vzdelavanivpsychoterapii.cz\/"},{"@type":"ListItem","position":2,"name":"Navazuj\u00edc\u00ed semin\u00e1\u0159e"}]},{"@type":"WebSite","@id":"https:\/\/www.vzdelavanivpsychoterapii.cz\/#website","url":"https:\/\/www.vzdelavanivpsychoterapii.cz\/","name":"Psychoterapie traumatu","description":"Postgradu\u00e1ln\u00ed semin\u00e1\u0159e","publisher":{"@id":"https:\/\/www.vzdelavanivpsychoterapii.cz\/#organization"},"potentialAction":[{"@type":"SearchAction","target":{"@type":"EntryPoint","urlTemplate":"https:\/\/www.vzdelavanivpsychoterapii.cz\/?s={search_term_string}"},"query-input":"required name=search_term_string"}],"inLanguage":"cs"},{"@type":"Organization","@id":"https:\/\/www.vzdelavanivpsychoterapii.cz\/#organization","name":"Psychoterapie traumatu","url":"https:\/\/www.vzdelavanivpsychoterapii.cz\/","logo":{"@type":"ImageObject","inLanguage":"cs","@id":"https:\/\/www.vzdelavanivpsychoterapii.cz\/#\/schema\/logo\/image\/","url":"https:\/\/www.vzdelavanivpsychoterapii.cz\/wp-content\/uploads\/2023\/09\/VP-5.png","contentUrl":"https:\/\/www.vzdelavanivpsychoterapii.cz\/wp-content\/uploads\/2023\/09\/VP-5.png","width":500,"height":500,"caption":"Psychoterapie traumatu"},"image":{"@id":"https:\/\/www.vzdelavanivpsychoterapii.cz\/#\/schema\/logo\/image\/"},"sameAs":["https:\/\/www.facebook.com\/profile.php?id=100089180415426"]}]}},"_links":{"self":[{"href":"https:\/\/www.vzdelavanivpsychoterapii.cz\/index.php?rest_route=\/wp\/v2\/pages\/501","targetHints":{"allow":["GET"]}}],"collection":[{"href":"https:\/\/www.vzdelavanivpsychoterapii.cz\/index.php?rest_route=\/wp\/v2\/pages"}],"about":[{"href":"https:\/\/www.vzdelavanivpsychoterapii.cz\/index.php?rest_route=\/wp\/v2\/types\/page"}],"author":[{"embeddable":true,"href":"https:\/\/www.vzdelavanivpsychoterapii.cz\/index.php?rest_route=\/wp\/v2\/users\/1"}],"replies":[{"embeddable":true,"href":"https:\/\/www.vzdelavanivpsychoterapii.cz\/index.php?rest_route=%2Fwp%2Fv2%2Fcomments&post=501"}],"version-history":[{"count":22,"href":"https:\/\/www.vzdelavanivpsychoterapii.cz\/index.php?rest_route=\/wp\/v2\/pages\/501\/revisions"}],"predecessor-version":[{"id":629,"href":"https:\/\/www.vzdelavanivpsychoterapii.cz\/index.php?rest_route=\/wp\/v2\/pages\/501\/revisions\/629"}],"wp:attachment":[{"href":"https:\/\/www.vzdelavanivpsychoterapii.cz\/index.php?rest_route=%2Fwp%2Fv2%2Fmedia&parent=501"}],"curies":[{"name":"wp","href":"https:\/\/api.w.org\/{rel}","templated":true}]}}