{"id":110,"date":"2023-09-09T19:22:41","date_gmt":"2023-09-09T19:22:41","guid":{"rendered":"https:\/\/www.vzdelavanivpsychoterapii.cz\/?page_id=110"},"modified":"2024-02-14T10:07:28","modified_gmt":"2024-02-14T10:07:28","slug":"o-nas","status":"publish","type":"page","link":"https:\/\/www.vzdelavanivpsychoterapii.cz\/?page_id=110","title":{"rendered":"Petr Odstr\u010dil"},"content":{"rendered":"<p>[et_pb_section fb_built=&#8220;1&#8243; admin_label=&#8220;Hero&#8220; _builder_version=&#8220;4.16&#8243; min_height=&#8220;743.2px&#8220; custom_padding=&#8220;0|0px|0px|0px|false|false&#8220; bottom_divider_height=&#8220;0px&#8220; border_width_bottom=&#8220;1px&#8220; border_color_bottom=&#8220;#efefef&#8220; global_colors_info=&#8220;{}&#8220;][et_pb_row column_structure=&#8220;1_2,1_2&#8243; _builder_version=&#8220;4.16&#8243; width=&#8220;100%&#8220; max_width=&#8220;100%&#8220; min_height=&#8220;775.2px&#8220; custom_margin=&#8220;|||&#8220; custom_margin_tablet=&#8220;||0px|&#8220; custom_margin_phone=&#8220;&#8220; custom_margin_last_edited=&#8220;on|desktop&#8220; custom_padding=&#8220;0|0px|0px|0px|false|false&#8220; use_custom_width=&#8220;on&#8220; width_unit=&#8220;off&#8220; custom_width_percent=&#8220;100%&#8220; global_colors_info=&#8220;{}&#8220;][et_pb_column type=&#8220;1_2&#8243; _builder_version=&#8220;4.16&#8243; custom_padding=&#8220;6%||6%|12%&#8220; custom_padding_tablet=&#8220;50px|50px|50px|50px&#8220; custom_padding_phone=&#8220;50px|50px|50px|50px&#8220; custom_padding_last_edited=&#8220;on|tablet&#8220; global_colors_info=&#8220;{}&#8220; padding_tablet=&#8220;50px|50px|50px|50px&#8220; padding_last_edited=&#8220;on|tablet&#8220; custom_padding__hover=&#8220;|||&#8220; padding_phone=&#8220;50px|50px|50px|50px&#8220;][et_pb_text _builder_version=&#8220;4.22.1&#8243; text_font=&#8220;Montserrat|300|||||||&#8220; text_text_color=&#8220;#677a92&#8243; text_font_size=&#8220;16px&#8220; text_line_height=&#8220;1.8em&#8220; header_font=&#8220;Montserrat||||||||&#8220; header_font_size=&#8220;50px&#8220; header_line_height=&#8220;1.3em&#8220; header_2_font=&#8220;||||||||&#8220; max_width=&#8220;600px&#8220; custom_margin=&#8220;|||&#8220; custom_margin_tablet=&#8220;0px|50px||50px&#8220; custom_margin_phone=&#8220;|20px||&#8220; custom_margin_last_edited=&#8220;off|desktop&#8220; custom_padding=&#8220;|||&#8220; text_line_height_tablet=&#8220;1.8em&#8220; text_line_height_phone=&#8220;1.8em&#8220; text_line_height_last_edited=&#8220;on|phone&#8220; header_font_size_tablet=&#8220;&#8220; header_font_size_phone=&#8220;36px&#8220; header_font_size_last_edited=&#8220;on|phone&#8220; header_2_font_size_phone=&#8220;30px&#8220; header_2_font_size_last_edited=&#8220;off|desktop&#8220; locked=&#8220;off&#8220; global_colors_info=&#8220;{}&#8220;]<\/p>\n<h1>Mgr. Petr Odstr\u010dil<\/h1>\n<p>[\/et_pb_text][et_pb_text _builder_version=&#8220;4.22.2&#8243; text_font=&#8220;Montserrat|300|||||||&#8220; text_font_size=&#8220;16px&#8220; text_line_height=&#8220;2em&#8220; link_font=&#8220;||||||||&#8220; ul_font=&#8220;||||||||&#8220; ol_font=&#8220;||||||||&#8220; quote_font=&#8220;||||||||&#8220; header_font=&#8220;||||||||&#8220; header_2_font=&#8220;Montserrat|300|||||||&#8220; header_2_text_color=&#8220;#212d3b&#8220; header_2_font_size=&#8220;40px&#8220; header_2_line_height=&#8220;1.5em&#8220; max_width=&#8220;600px&#8220; custom_margin=&#8220;|||&#8220; custom_margin_tablet=&#8220;0px|50px||50px&#8220; custom_margin_last_edited=&#8220;off|desktop&#8220; custom_padding=&#8220;|||&#8220; locked=&#8220;off&#8220; global_colors_info=&#8220;{}&#8220;]<\/p>\n<p>Psychoterapeut, supervizor, lektor psychoterapeutick\u00fdch v\u00fdcvik\u016f a postgradu\u00e1ln\u00edho vzd\u011bl\u00e1v\u00e1n\u00ed.<\/p>\n<p>webov\u00e9 str\u00e1nky: <span style=\"text-decoration: underline; color: #000000;\"><a href=\"https:\/\/www.petrodstrcil.cz\/\" target=\"_blank\" rel=\"noopener\" style=\"color: #000000; text-decoration: underline;\">petrodstrcil.cz<\/a><\/span><\/p>\n<p>mail: petrodstrcil,p@gmail.com<\/p>\n<p>[\/et_pb_text][et_pb_divider show_divider=&#8220;off&#8220; _builder_version=&#8220;4.22.1&#8243; _module_preset=&#8220;default&#8220; min_height=&#8220;112.4px&#8220; max_height=&#8220;1000px&#8220; global_colors_info=&#8220;{}&#8220;][\/et_pb_divider][et_pb_heading title=&#8220;\u010cklenstv\u00ed v orzanizac\u00edch&#8220; _builder_version=&#8220;4.22.1&#8243; _module_preset=&#8220;default&#8220; title_level=&#8220;h3&#8243; min_height=&#8220;40px&#8220; custom_margin=&#8220;||17px|||&#8220; global_colors_info=&#8220;{}&#8220;][\/et_pb_heading][et_pb_text _builder_version=&#8220;4.24.0&#8243; _module_preset=&#8220;default&#8220; hover_enabled=&#8220;0&#8243; global_colors_info=&#8220;{}&#8220; sticky_enabled=&#8220;0&#8243;]<\/p>\n<ul>\n<li><span style=\"color: #000000;\"><a href=\"https:\/\/www.europsyche.org\/\" style=\"color: #000000;\">European Associaton for Psychotherapy<\/a>\u00a0EAP (ECP- holder408395)<\/span><br \/><span style=\"color: #000000;\"><\/span><\/li>\n<li><span style=\"color: #000000;\"><a href=\"https:\/\/www.czap.cz\/\" style=\"color: #000000;\">\u010cesk\u00e1 asociace pro psychoterapii\u00a0\u010cAP<\/a>\u00a0<\/span><br \/><span style=\"color: #000000;\"><\/span><\/li>\n<li><span style=\"color: #000000;\"><a href=\"https:\/\/www.psychoterapie-integrace.cz\/\" style=\"color: #000000;\">V\u00fdcvik integrace v psychoterapii<\/a> &#8211; lektor a vedouc\u00ed v\u00fdcviku<\/span><br \/><span style=\"color: #000000;\"><\/span><\/li>\n<li><span style=\"color: #000000;\"><a href=\"https:\/\/www.supervize.eu\/\" style=\"color: #000000;\">\u010cIS\u00a0&#8211; \u010cesk\u00fd institut pro supervizi<\/a><\/span><br \/><span style=\"color: #000000;\"><\/span><\/li>\n<li><span style=\"color: #000000;\"><a href=\"http:\/\/www.biosynthese.org\/index.html\" style=\"color: #000000;\">International Institute for Biosynthesis IIBS<\/a>\u00a0&#8211; tren\u00e9r<\/span><br \/><span style=\"color: #000000;\"><\/span><br \/><span style=\"color: #000000;\"><\/span><\/li>\n<\/ul>\n<p>[\/et_pb_text][\/et_pb_column][et_pb_column type=&#8220;1_2&#8243; _builder_version=&#8220;4.16&#8243; custom_padding=&#8220;|||&#8220; global_colors_info=&#8220;{}&#8220; custom_padding__hover=&#8220;|||&#8220;][et_pb_image src=&#8220;https:\/\/www.vzdelavanivpsychoterapii.cz\/wp-content\/uploads\/2023\/09\/Petr-7-scaled-e1694352367501.jpg&#8220; title_text=&#8220;Petr 7&#8243; force_fullwidth=&#8220;on&#8220; align_tablet=&#8220;center&#8220; align_phone=&#8220;center&#8220; align_last_edited=&#8220;on|desktop&#8220; _builder_version=&#8220;4.22.1&#8243; custom_margin=&#8220;|||&#8220; custom_padding=&#8220;|||&#8220; border_radii=&#8220;|24vw|||24vw&#8220; border_color_all=&#8220;#0ee1f4&#8243; border_width_left=&#8220;2vw&#8220; border_color_left=&#8220;#37dfff&#8220; box_shadow_style=&#8220;preset4&#8243; box_shadow_horizontal=&#8220;-30px&#8220; box_shadow_spread=&#8220;-10px&#8220; box_shadow_color=&#8220;rgba(14,225,244,0.33)&#8220; global_colors_info=&#8220;{}&#8220;][\/et_pb_image][\/et_pb_column][\/et_pb_row][\/et_pb_section][et_pb_section fb_built=&#8220;1&#8243; admin_label=&#8220;Services&#8220; _builder_version=&#8220;4.16&#8243; custom_padding=&#8220;20px|0px|20px|0px|true|false&#8220; locked=&#8220;off&#8220; global_colors_info=&#8220;{}&#8220;][et_pb_row column_structure=&#8220;1_2,1_2&#8243; admin_label=&#8220;Content Area&#8220; _builder_version=&#8220;4.16&#8243; global_colors_info=&#8220;{}&#8220;][et_pb_column type=&#8220;1_2&#8243; _builder_version=&#8220;4.16&#8243; custom_padding=&#8220;|||&#8220; global_colors_info=&#8220;{}&#8220; custom_padding__hover=&#8220;|||&#8220;][et_pb_blurb title=&#8220;Kvalifikace&#8220; use_icon=&#8220;on&#8220; font_icon=&#8220;&#x4e;||divi||400&#8243; icon_color=&#8220;#2f8cff&#8220; image_icon_background_color=&#8220;#c5dfff&#8220; icon_placement=&#8220;left&#8220; image_icon_width=&#8220;22px&#8220; _builder_version=&#8220;4.22.1&#8243; header_font=&#8220;Montserrat||||||||&#8220; header_line_height=&#8220;2em&#8220; body_font=&#8220;Montserrat|300|||||||&#8220; body_font_size=&#8220;15px&#8220; body_line_height=&#8220;1.8em&#8220; image_icon_custom_padding=&#8220;8px|8px|8px|8px|false|false&#8220; animation_style=&#8220;fade&#8220; animation=&#8220;off&#8220; border_radii_image=&#8220;on|100%|100%|100%|100%&#8220; icon_font_size=&#8220;22px&#8220; use_circle=&#8220;on&#8220; circle_color=&#8220;#c5dfff&#8220; global_colors_info=&#8220;{}&#8220; image_icon_background_color__sticky_enabled=&#8220;#7EBEC5&#8243; image_icon_background_color__sticky=&#8220;#7EBEC5&#8243;]<\/p>\n<ul>\n<li>2020 &#8211; frekventant V\u00fdcvikov\u00e9ho programu pro integrativn\u00ed supervizi \u010cIS<\/li>\n<\/ul>\n<ul>\n<li>2007 &#8211; 2012 Vysoko\u0161kolsk\u00e9 vzd\u011bl\u00e1n\u00ed ve studijn\u00edm programu \u201ePedagogika\u201c \u2013 titul Mgr., studijn\u00ed obor andragogika.<\/li>\n<\/ul>\n<ul>\n<li>1999 &#8211; 2005 Systematick\u00fd v\u00fdcvik v Biosynt\u00e9ze, Asociace pro somatickou psychoterapii a <span>International Institute for Biosynthesis IIBS<\/span><span>\u00a0Heiden \/ Switzerland<\/span><\/li>\n<\/ul>\n<ul>\n<li>2004 Medi\u00e1tor, Komplexn\u00ed v\u00fdcvik mediace, Asociace medi\u00e1tor\u016f \u010cesk\u00e9 republiky, Praha<\/li>\n<\/ul>\n<ul>\n<li>1998 \u2013 2003 Systematick\u00fd v\u00fdcvik v PBSP (Pesso Boyden System Psychomotor), A. Pesso, L. Perguin, I. Baardman, M.J: Howald<\/li>\n<\/ul>\n<ul>\n<li>2003 Facilitace, efektivn\u00ed veden\u00ed porad, sch\u016fz\u00ed a skupinov\u00fdch jedn\u00e1n\u00ed, ICN, Helena St\u00f6hrov\u00e1, a PhDr. Tatjana \u0160i\u0161kov\u00e1.<\/li>\n<\/ul>\n<ul>\n<li>1995 -1999 Systematick\u00fd v\u00fdcvik v gestalt terapii, Norsk Gestalt Institute, Multi-Di-Mens \/ Belgian Gestalt Institute.\/ Institut pro Gestalt a psychosynt\u00e9zu Praha.<\/li>\n<\/ul>\n<ul>\n<li>1995 &#8211; 1997 V\u00fdcvik telefonick\u00e9 krizov\u00e9 intervence, RIAPS Praha<\/li>\n<\/ul>\n<p>[\/et_pb_blurb][\/et_pb_column][et_pb_column type=&#8220;1_2&#8243; _builder_version=&#8220;4.16&#8243; custom_padding=&#8220;|||&#8220; global_colors_info=&#8220;{}&#8220; custom_padding__hover=&#8220;|||&#8220;][et_pb_blurb title=&#8220;Odborn\u00e1 praxe&#8220; use_icon=&#8220;on&#8220; font_icon=&#8220;&#x4e;||divi||400&#8243; icon_color=&#8220;#2f8cff&#8220; image_icon_background_color=&#8220;#c5dfff&#8220; icon_placement=&#8220;left&#8220; image_icon_width=&#8220;22px&#8220; _builder_version=&#8220;4.24.0&#8243; header_font=&#8220;Montserrat||||||||&#8220; header_line_height=&#8220;2em&#8220; body_font=&#8220;Montserrat|300|||||||&#8220; body_font_size=&#8220;15px&#8220; body_line_height=&#8220;1.8em&#8220; image_icon_custom_padding=&#8220;8px|8px|8px|8px|false|false&#8220; animation_style=&#8220;fade&#8220; animation=&#8220;off&#8220; hover_enabled=&#8220;0&#8243; border_radii_image=&#8220;on|100%|100%|100%|100%&#8220; icon_font_size=&#8220;22px&#8220; use_circle=&#8220;on&#8220; circle_color=&#8220;#c5dfff&#8220; locked=&#8220;off&#8220; global_colors_info=&#8220;{}&#8220; image_icon_background_color__sticky_enabled=&#8220;#7EBEC5&#8243; image_icon_background_color__sticky=&#8220;#7EBEC5&#8243; sticky_enabled=&#8220;0&#8243;]<\/p>\n<ul>\n<li>2023 Vedouc\u00ed V\u00fdcviku integrace v psychotetapii<\/li>\n<\/ul>\n<ul>\n<li>2021 &#8211; Lektor postgradu\u00e1ln\u00edch semin\u00e1\u0159\u016f L\u00e9\u010dba traumatu v psychoterapii<\/li>\n<li>2021 Mentorsk\u00e1 \u010dinnost v \u010cesk\u00e9 asociaci pro psychoterapii<\/li>\n<\/ul>\n<ul>\n<li>2021 &#8211; 2023 Lektor teoretick\u00fdch blok\u016f v komplexn\u00edm vzd\u011bl\u00e1vac\u00edm programu v psychoterapii &#8211; V\u00fdcvik a vzd\u011bl\u00e1v\u00e1n\u00ed v prevenci a terapii psychotraumatu, Rafael institut.<\/li>\n<\/ul>\n<ul><\/ul>\n<ul>\n<li>2021 &#8211; 2023 P\u0159edseda odborn\u00e9 rady \u010cesk\u00e9 asociace pro psychoterapii<\/li>\n<\/ul>\n<ul>\n<li>2021 &#8211; 2022 Lektor p\u0159edn\u00e1\u0161ek &#8222;Integrativn\u00ed psychoterapie&#8220; pro studenty psychologie FFUK<\/li>\n<\/ul>\n<ul>\n<li>2020 &#8211; 2023 Lektor vzd\u011bl\u00e1vac\u00edch program\u016f Krizov\u00e1 intervence Remedium Praha.<\/li>\n<\/ul>\n<ul>\n<li>2019 &#8211; 2023 \u010clen etick\u00e9ho panelu \u010cesk\u00e9 asociace pro psychoterapii<\/li>\n<\/ul>\n<ul>\n<li>2019 &#8211; 2023 Lektor semin\u00e1\u0159\u016f Dobr\u00e1 praxe po\u0159\u00e1dan\u00e9 \u010ceskou asociac\u00ed pro psychoterapii.<\/li>\n<\/ul>\n<ul>\n<li>2019 &#8211; 2023 Lektor v\u00fdcvikov\u00e9ho modulu Pr\u00e1ce s traumatem, Psychoterapeutick\u00fd v\u00fdcvik Gestalt studia<\/li>\n<\/ul>\n<ul>\n<li>2019 &#8211; 2023 \u010clen odborn\u00e9 rady \u010cesk\u00e9 asociace pro psychoterapii<\/li>\n<\/ul>\n<ul>\n<li>2017- 2023 Lektorov\u00e1n\u00ed t\u00e9matick\u00fdch semin\u00e1\u0159\u016f pro INSTEP \u2013 integrativn\u00ed psychoterapie<\/li>\n<\/ul>\n<ul>\n<li>2017- 2019\u00a0 Lektor n\u00e1cvikov\u00fdch skupin\u00a0<a href=\"http:\/\/capzt.cz\/\">\u010cAPZT\u00a0<\/a>\u010cesk\u00e9 asociace pro psychoterapii zam\u011b\u0159enou na t\u011blo<\/li>\n<\/ul>\n<ul>\n<li>2017 &#8211; 2018 Lektorov\u00e1n\u00ed sedmidenn\u00edho semin\u00e1\u0159e \u201eProblematika sexu\u00e1ln\u00edho n\u00e1sil\u00ed a psychoterapeutick\u00e9 p\u0159\u00edstupy k l\u00e9\u010db\u011b traumatu pro\u00a0<a href=\"http:\/\/www.acorus.cz\/\">ACORUS<\/a>\u00a0centrum pro osoby ohro\u017een\u00e9 dom\u00e1c\u00edm n\u00e1sil\u00edm, Praha<\/li>\n<\/ul>\n<ul>\n<li>2016 &#8211; 2023 Lektorov\u00e1n\u00ed v\u00fdb\u011brov\u00fdch p\u0159edn\u00e1\u0161ek \u201eTransperson\u00e1ln\u00ed my\u0161len\u00ed a psychospiritu\u00e1ln\u00ed t\u00e9ma v psychologii pro studenty psychologie FFUK<\/li>\n<\/ul>\n<ul>\n<li>2015 &#8211; Lektor sebezku\u0161enosti ve V\u00fdcviku integrace v psychoterapii.<\/li>\n<\/ul>\n<ul><\/ul>\n<ul>\n<li>2010 &#8211; 2016 Veden\u00ed supervizn\u00edch skupin v DIABASIS z.\u00fa. \u2013pomoc v psychospiritu\u00e1ln\u00ed krizi.<\/li>\n<\/ul>\n<ul>\n<li>2009 &#8211; 2015 tren\u00e9r mezin\u00e1rodn\u00edho psychoterapeutick\u00e9ho v\u00fdcviku Biosynt\u00e9za. International Institute for Biosynthesis IIBS Heiden \/Schweiz, Benzenruti 6, \u010cesk\u00fd institut Biosynt\u00e9zy o.s., Eli\u00e1\u0161ova 21. Praha.<\/li>\n<\/ul>\n<ul>\n<li>2009 &#8211; 2014 sou\u010dinnost p\u0159i organizaci a v\u00fduce v\u00fdcviku a dal\u0161\u00edho vzd\u011bl\u00e1v\u00e1n\u00ed v Biosynt\u00e9ze.<\/li>\n<li>2010 &#8211; Supervize v psychoterapii, lektorsk\u00e1 a pedagogick\u00e1 \u010dinnost<\/li>\n<\/ul>\n<ul>\n<li>2005 &#8211; 2016 Vedouc\u00ed t\u00fdmu psychoterapeut\u016f v DIABASIS z.u.<\/li>\n<\/ul>\n<ul>\n<li>2001 &#8211; 2004 Veden\u00ed podp\u016frn\u00fdch skupin o\u0161et\u0159uj\u00edc\u00edch pracovn\u00edk\u016f a bl\u00edzk\u00fdch \u010dlen\u016f rodiny, kte\u0159\u00ed se staraj\u00ed o nemocn\u00e9 Alzheimrovou chorobou.<\/li>\n<\/ul>\n<ul>\n<li>1998 &#8211; 2019 Spolupr\u00e1ce s neziskov\u00fdmi organizacemi p\u016fsob\u00edc\u00edmi v soci\u00e1ln\u00ed sf\u00e9\u0159e. Supervizor, lektor akreditovan\u00fdch vzd\u011bl\u00e1vac\u00edch program\u016f, veden\u00ed \u0159e\u0161\u00edc\u00edch skupin, koordinace \u010dinnosti veden\u00ed.<\/li>\n<\/ul>\n<ul>\n<li>1998 &#8211; 2008 Koordinace \u010dinnosti veden\u00ed neziskov\u00e9 organizace pe\u010duj\u00edc\u00ed o lidi s ment\u00e1ln\u00ed posti\u017een\u00edm Modr\u00fd kl\u00ed\u010d, Praha.<\/li>\n<\/ul>\n<ul>\n<li>1997 &#8211; 2019 Veden\u00ed psychoterapeutick\u00fdch skupin PBSP (Pesso Boyden System Psychomotor)<\/li>\n<li>1997 &#8211; 2021 Soukrom\u00e1 psychoterapeutick\u00e1 praxe, Psychologick\u00e9 poradenstv\u00ed a diagnostika. Individu\u00e1ln\u00ed, p\u00e1rov\u00e1 a skupinov\u00e1 psychoterapie, veden\u00ed t\u00e9matick\u00fdch a seberozvojov\u00fdch skupin.<\/li>\n<\/ul>\n<ul>\n<li>1994 -1999 Pracovn\u00edk telefonick\u00e9 krizov\u00e9 linky<\/li>\n<\/ul>\n<p>[\/et_pb_blurb][\/et_pb_column][\/et_pb_row][et_pb_row column_structure=&#8220;1_3,1_3,1_3&#8243; admin_label=&#8220;Content Area&#8220; _builder_version=&#8220;4.16&#8243; global_colors_info=&#8220;{}&#8220;][et_pb_column type=&#8220;1_3&#8243; _builder_version=&#8220;4.16&#8243; custom_padding=&#8220;|||&#8220; global_colors_info=&#8220;{}&#8220; custom_padding__hover=&#8220;|||&#8220;][et_pb_image src=&#8220;https:\/\/www.vzdelavanivpsychoterapii.cz\/wp-content\/uploads\/2023\/09\/logo-EAP.png&#8220; title_text=&#8220;logo EAP&#8220; url=&#8220;https:\/\/www.europsyche.org\/&#8220; url_new_window=&#8220;on&#8220; _builder_version=&#8220;4.22.2&#8243; _module_preset=&#8220;default&#8220; transform_translate=&#8220;-5px|22px&#8220; width=&#8220;93%&#8220; module_alignment=&#8220;center&#8220; min_height=&#8220;100px&#8220; global_colors_info=&#8220;{}&#8220;][\/et_pb_image][\/et_pb_column][et_pb_column type=&#8220;1_3&#8243; _builder_version=&#8220;4.16&#8243; custom_padding=&#8220;|||&#8220; global_colors_info=&#8220;{}&#8220; custom_padding__hover=&#8220;|||&#8220;][et_pb_image src=&#8220;https:\/\/www.vzdelavanivpsychoterapii.cz\/wp-content\/uploads\/2023\/09\/MembershipCard.png&#8220; title_text=&#8220;MembershipCard&#8220; url=&#8220;https:\/\/czap.cz\/&#8220; url_new_window=&#8220;on&#8220; _builder_version=&#8220;4.22.2&#8243; _module_preset=&#8220;default&#8220; global_colors_info=&#8220;{}&#8220;][\/et_pb_image][\/et_pb_column][et_pb_column type=&#8220;1_3&#8243; _builder_version=&#8220;4.16&#8243; custom_padding=&#8220;|||&#8220; global_colors_info=&#8220;{}&#8220; custom_padding__hover=&#8220;|||&#8220;][et_pb_image src=&#8220;https:\/\/www.vzdelavanivpsychoterapii.cz\/wp-content\/uploads\/2023\/09\/CAP_odznak_radny_M_web-1-e1694541900686.png&#8220; title_text=&#8220;CAP_odznak_radny_M_web (1)&#8220; url=&#8220;https:\/\/czap.cz\/&#8220; url_new_window=&#8220;on&#8220; _builder_version=&#8220;4.22.2&#8243; _module_preset=&#8220;default&#8220; transform_scale=&#8220;113%|113%&#8220; transform_translate=&#8220;16px|-15px&#8220; global_colors_info=&#8220;{}&#8220;][\/et_pb_image][\/et_pb_column][\/et_pb_row][\/et_pb_section]<\/p>\n","protected":false},"excerpt":{"rendered":"<p>Mgr. Petr Odstr\u010dilPsychoterapeut, supervizor, lektor psychoterapeutick\u00fdch v\u00fdcvik\u016f a postgradu\u00e1ln\u00edho vzd\u011bl\u00e1v\u00e1n\u00ed. webov\u00e9 str\u00e1nky: petrodstrcil.cz mail: petrodstrcil,p@gmail.com European Associaton for Psychotherapy\u00a0EAP (ECP- holder408395) \u010cesk\u00e1 asociace pro psychoterapii\u00a0\u010cAP\u00a0 V\u00fdcvik integrace v psychoterapii &#8211; lektor a vedouc\u00ed v\u00fdcviku \u010cIS\u00a0&#8211; \u010cesk\u00fd institut pro supervizi International Institute for Biosynthesis IIBS\u00a0&#8211; tren\u00e9r 2020 &#8211; frekventant V\u00fdcvikov\u00e9ho programu pro integrativn\u00ed supervizi \u010cIS 2007 [&hellip;]<\/p>\n","protected":false},"author":1,"featured_media":0,"parent":0,"menu_order":0,"comment_status":"closed","ping_status":"closed","template":"","meta":{"_et_pb_use_builder":"on","_et_pb_old_content":"","_et_gb_content_width":"","footnotes":""},"class_list":["post-110","page","type-page","status-publish","hentry"],"yoast_head":"<!-- This site is optimized with the Yoast SEO plugin v21.3 - https:\/\/yoast.com\/wordpress\/plugins\/seo\/ -->\n<title>Petr Odstr\u010dil - Psychoterapie traumatu<\/title>\n<meta name=\"robots\" content=\"index, follow, max-snippet:-1, max-image-preview:large, max-video-preview:-1\" \/>\n<link rel=\"canonical\" href=\"https:\/\/www.vzdelavanivpsychoterapii.cz\/?page_id=110\" \/>\n<meta property=\"og:locale\" content=\"cs_CZ\" \/>\n<meta property=\"og:type\" content=\"article\" \/>\n<meta property=\"og:title\" content=\"Petr Odstr\u010dil - Psychoterapie traumatu\" \/>\n<meta property=\"og:description\" content=\"Mgr. Petr Odstr\u010dilPsychoterapeut, supervizor, lektor psychoterapeutick\u00fdch v\u00fdcvik\u016f a postgradu\u00e1ln\u00edho vzd\u011bl\u00e1v\u00e1n\u00ed. webov\u00e9 str\u00e1nky: petrodstrcil.cz mail: petrodstrcil,p@gmail.com European Associaton for Psychotherapy\u00a0EAP (ECP- holder408395) \u010cesk\u00e1 asociace pro psychoterapii\u00a0\u010cAP\u00a0 V\u00fdcvik integrace v psychoterapii - lektor a vedouc\u00ed v\u00fdcviku \u010cIS\u00a0- \u010cesk\u00fd institut pro supervizi International Institute for Biosynthesis IIBS\u00a0- tren\u00e9r 2020 - frekventant V\u00fdcvikov\u00e9ho programu pro integrativn\u00ed supervizi \u010cIS 2007 [&hellip;]\" \/>\n<meta property=\"og:url\" content=\"https:\/\/www.vzdelavanivpsychoterapii.cz\/?page_id=110\" \/>\n<meta property=\"og:site_name\" content=\"Psychoterapie traumatu\" \/>\n<meta property=\"article:publisher\" content=\"https:\/\/www.facebook.com\/profile.php?id=100089180415426\" \/>\n<meta property=\"article:modified_time\" content=\"2024-02-14T10:07:28+00:00\" \/>\n<meta name=\"twitter:card\" content=\"summary_large_image\" \/>\n<meta name=\"twitter:label1\" content=\"Odhadovan\u00e1 doba \u010dten\u00ed\" \/>\n\t<meta name=\"twitter:data1\" content=\"8 minut\" \/>\n<script type=\"application\/ld+json\" class=\"yoast-schema-graph\">{\"@context\":\"https:\/\/schema.org\",\"@graph\":[{\"@type\":\"WebPage\",\"@id\":\"https:\/\/www.vzdelavanivpsychoterapii.cz\/?page_id=110\",\"url\":\"https:\/\/www.vzdelavanivpsychoterapii.cz\/?page_id=110\",\"name\":\"Petr Odstr\u010dil - Psychoterapie traumatu\",\"isPartOf\":{\"@id\":\"https:\/\/www.vzdelavanivpsychoterapii.cz\/#website\"},\"datePublished\":\"2023-09-09T19:22:41+00:00\",\"dateModified\":\"2024-02-14T10:07:28+00:00\",\"breadcrumb\":{\"@id\":\"https:\/\/www.vzdelavanivpsychoterapii.cz\/?page_id=110#breadcrumb\"},\"inLanguage\":\"cs\",\"potentialAction\":[{\"@type\":\"ReadAction\",\"target\":[\"https:\/\/www.vzdelavanivpsychoterapii.cz\/?page_id=110\"]}]},{\"@type\":\"BreadcrumbList\",\"@id\":\"https:\/\/www.vzdelavanivpsychoterapii.cz\/?page_id=110#breadcrumb\",\"itemListElement\":[{\"@type\":\"ListItem\",\"position\":1,\"name\":\"Dom\u016f\",\"item\":\"https:\/\/www.vzdelavanivpsychoterapii.cz\/\"},{\"@type\":\"ListItem\",\"position\":2,\"name\":\"Petr Odstr\u010dil\"}]},{\"@type\":\"WebSite\",\"@id\":\"https:\/\/www.vzdelavanivpsychoterapii.cz\/#website\",\"url\":\"https:\/\/www.vzdelavanivpsychoterapii.cz\/\",\"name\":\"Psychoterapie traumatu\",\"description\":\"Postgradu\u00e1ln\u00ed semin\u00e1\u0159e\",\"publisher\":{\"@id\":\"https:\/\/www.vzdelavanivpsychoterapii.cz\/#organization\"},\"potentialAction\":[{\"@type\":\"SearchAction\",\"target\":{\"@type\":\"EntryPoint\",\"urlTemplate\":\"https:\/\/www.vzdelavanivpsychoterapii.cz\/?s={search_term_string}\"},\"query-input\":\"required name=search_term_string\"}],\"inLanguage\":\"cs\"},{\"@type\":\"Organization\",\"@id\":\"https:\/\/www.vzdelavanivpsychoterapii.cz\/#organization\",\"name\":\"Psychoterapie traumatu\",\"url\":\"https:\/\/www.vzdelavanivpsychoterapii.cz\/\",\"logo\":{\"@type\":\"ImageObject\",\"inLanguage\":\"cs\",\"@id\":\"https:\/\/www.vzdelavanivpsychoterapii.cz\/#\/schema\/logo\/image\/\",\"url\":\"https:\/\/www.vzdelavanivpsychoterapii.cz\/wp-content\/uploads\/2023\/09\/VP-5.png\",\"contentUrl\":\"https:\/\/www.vzdelavanivpsychoterapii.cz\/wp-content\/uploads\/2023\/09\/VP-5.png\",\"width\":500,\"height\":500,\"caption\":\"Psychoterapie traumatu\"},\"image\":{\"@id\":\"https:\/\/www.vzdelavanivpsychoterapii.cz\/#\/schema\/logo\/image\/\"},\"sameAs\":[\"https:\/\/www.facebook.com\/profile.php?id=100089180415426\"]}]}<\/script>\n<!-- \/ Yoast SEO plugin. -->","yoast_head_json":{"title":"Petr Odstr\u010dil - Psychoterapie traumatu","robots":{"index":"index","follow":"follow","max-snippet":"max-snippet:-1","max-image-preview":"max-image-preview:large","max-video-preview":"max-video-preview:-1"},"canonical":"https:\/\/www.vzdelavanivpsychoterapii.cz\/?page_id=110","og_locale":"cs_CZ","og_type":"article","og_title":"Petr Odstr\u010dil - Psychoterapie traumatu","og_description":"Mgr. Petr Odstr\u010dilPsychoterapeut, supervizor, lektor psychoterapeutick\u00fdch v\u00fdcvik\u016f a postgradu\u00e1ln\u00edho vzd\u011bl\u00e1v\u00e1n\u00ed. webov\u00e9 str\u00e1nky: petrodstrcil.cz mail: petrodstrcil,p@gmail.com European Associaton for Psychotherapy\u00a0EAP (ECP- holder408395) \u010cesk\u00e1 asociace pro psychoterapii\u00a0\u010cAP\u00a0 V\u00fdcvik integrace v psychoterapii - lektor a vedouc\u00ed v\u00fdcviku \u010cIS\u00a0- \u010cesk\u00fd institut pro supervizi International Institute for Biosynthesis IIBS\u00a0- tren\u00e9r 2020 - frekventant V\u00fdcvikov\u00e9ho programu pro integrativn\u00ed supervizi \u010cIS 2007 [&hellip;]","og_url":"https:\/\/www.vzdelavanivpsychoterapii.cz\/?page_id=110","og_site_name":"Psychoterapie traumatu","article_publisher":"https:\/\/www.facebook.com\/profile.php?id=100089180415426","article_modified_time":"2024-02-14T10:07:28+00:00","twitter_card":"summary_large_image","twitter_misc":{"Odhadovan\u00e1 doba \u010dten\u00ed":"8 minut"},"schema":{"@context":"https:\/\/schema.org","@graph":[{"@type":"WebPage","@id":"https:\/\/www.vzdelavanivpsychoterapii.cz\/?page_id=110","url":"https:\/\/www.vzdelavanivpsychoterapii.cz\/?page_id=110","name":"Petr Odstr\u010dil - Psychoterapie traumatu","isPartOf":{"@id":"https:\/\/www.vzdelavanivpsychoterapii.cz\/#website"},"datePublished":"2023-09-09T19:22:41+00:00","dateModified":"2024-02-14T10:07:28+00:00","breadcrumb":{"@id":"https:\/\/www.vzdelavanivpsychoterapii.cz\/?page_id=110#breadcrumb"},"inLanguage":"cs","potentialAction":[{"@type":"ReadAction","target":["https:\/\/www.vzdelavanivpsychoterapii.cz\/?page_id=110"]}]},{"@type":"BreadcrumbList","@id":"https:\/\/www.vzdelavanivpsychoterapii.cz\/?page_id=110#breadcrumb","itemListElement":[{"@type":"ListItem","position":1,"name":"Dom\u016f","item":"https:\/\/www.vzdelavanivpsychoterapii.cz\/"},{"@type":"ListItem","position":2,"name":"Petr Odstr\u010dil"}]},{"@type":"WebSite","@id":"https:\/\/www.vzdelavanivpsychoterapii.cz\/#website","url":"https:\/\/www.vzdelavanivpsychoterapii.cz\/","name":"Psychoterapie traumatu","description":"Postgradu\u00e1ln\u00ed semin\u00e1\u0159e","publisher":{"@id":"https:\/\/www.vzdelavanivpsychoterapii.cz\/#organization"},"potentialAction":[{"@type":"SearchAction","target":{"@type":"EntryPoint","urlTemplate":"https:\/\/www.vzdelavanivpsychoterapii.cz\/?s={search_term_string}"},"query-input":"required name=search_term_string"}],"inLanguage":"cs"},{"@type":"Organization","@id":"https:\/\/www.vzdelavanivpsychoterapii.cz\/#organization","name":"Psychoterapie traumatu","url":"https:\/\/www.vzdelavanivpsychoterapii.cz\/","logo":{"@type":"ImageObject","inLanguage":"cs","@id":"https:\/\/www.vzdelavanivpsychoterapii.cz\/#\/schema\/logo\/image\/","url":"https:\/\/www.vzdelavanivpsychoterapii.cz\/wp-content\/uploads\/2023\/09\/VP-5.png","contentUrl":"https:\/\/www.vzdelavanivpsychoterapii.cz\/wp-content\/uploads\/2023\/09\/VP-5.png","width":500,"height":500,"caption":"Psychoterapie traumatu"},"image":{"@id":"https:\/\/www.vzdelavanivpsychoterapii.cz\/#\/schema\/logo\/image\/"},"sameAs":["https:\/\/www.facebook.com\/profile.php?id=100089180415426"]}]}},"_links":{"self":[{"href":"https:\/\/www.vzdelavanivpsychoterapii.cz\/index.php?rest_route=\/wp\/v2\/pages\/110","targetHints":{"allow":["GET"]}}],"collection":[{"href":"https:\/\/www.vzdelavanivpsychoterapii.cz\/index.php?rest_route=\/wp\/v2\/pages"}],"about":[{"href":"https:\/\/www.vzdelavanivpsychoterapii.cz\/index.php?rest_route=\/wp\/v2\/types\/page"}],"author":[{"embeddable":true,"href":"https:\/\/www.vzdelavanivpsychoterapii.cz\/index.php?rest_route=\/wp\/v2\/users\/1"}],"replies":[{"embeddable":true,"href":"https:\/\/www.vzdelavanivpsychoterapii.cz\/index.php?rest_route=%2Fwp%2Fv2%2Fcomments&post=110"}],"version-history":[{"count":18,"href":"https:\/\/www.vzdelavanivpsychoterapii.cz\/index.php?rest_route=\/wp\/v2\/pages\/110\/revisions"}],"predecessor-version":[{"id":481,"href":"https:\/\/www.vzdelavanivpsychoterapii.cz\/index.php?rest_route=\/wp\/v2\/pages\/110\/revisions\/481"}],"wp:attachment":[{"href":"https:\/\/www.vzdelavanivpsychoterapii.cz\/index.php?rest_route=%2Fwp%2Fv2%2Fmedia&parent=110"}],"curies":[{"name":"wp","href":"https:\/\/api.w.org\/{rel}","templated":true}]}}